{"id":3193,"date":"2026-01-07T21:00:18","date_gmt":"2026-01-07T20:00:18","guid":{"rendered":"https:\/\/miriamcastleweiss.de\/business\/?page_id=3193"},"modified":"2026-01-27T16:18:43","modified_gmt":"2026-01-27T15:18:43","slug":"ueber-mich","status":"publish","type":"page","link":"https:\/\/miriamcastleweiss.de\/business\/ueber-mich\/","title":{"rendered":"\u00dcber mich"},"content":{"rendered":"\t\t<div data-elementor-type=\"wp-page\" data-elementor-id=\"3193\" class=\"elementor elementor-3193\" data-elementor-post-type=\"page\">\n\t\t\t\t<div class=\"elementor-element elementor-element-e88ab35 e-con-full e-flex e-con e-parent\" data-id=\"e88ab35\" data-element_type=\"container\" data-e-type=\"container\">\n\t\t<div class=\"elementor-element elementor-element-c93c067 e-con-full e-flex e-con e-child\" data-id=\"c93c067\" data-element_type=\"container\" data-e-type=\"container\">\n\t\t\t\t<div class=\"elementor-element elementor-element-fcc842b elementor-widget elementor-widget-image\" data-id=\"fcc842b\" data-element_type=\"widget\" data-e-type=\"widget\" fetchpriority=\"high\" loading=\"eager\" data-widget_type=\"image.default\">\n\t\t\t\t<div class=\"elementor-widget-container\">\n\t\t\t\t\t\t\t\t\t\t\t\t\t\t\t<img fetchpriority=\"high\" decoding=\"async\" width=\"800\" height=\"532\" src=\"https:\/\/miriamcastleweiss.de\/business\/wp-content\/uploads\/2025\/12\/230322_0215-web.jpg\" class=\"attachment-large size-large wp-image-3059\" alt=\"Miriam Castle-Weiss im Arbeitsalltag vor Ort bei einem Unternehmen\" srcset=\"https:\/\/miriamcastleweiss.de\/business\/wp-content\/uploads\/2025\/12\/230322_0215-web.jpg 1375w, https:\/\/miriamcastleweiss.de\/business\/wp-content\/uploads\/2025\/12\/230322_0215-web-768x511.jpg 768w\" sizes=\"(max-width: 800px) 100vw, 800px\" \/>\t\t\t\t\t\t\t\t\t\t\t\t\t\t\t<\/div>\n\t\t\t\t<\/div>\n\t\t\t\t<\/div>\n\t\t<div class=\"elementor-element elementor-element-839f8c4 e-con-full e-flex e-con e-child\" data-id=\"839f8c4\" data-element_type=\"container\" data-e-type=\"container\" data-settings=\"{&quot;background_background&quot;:&quot;classic&quot;}\">\n\t\t\t\t<div class=\"elementor-element elementor-element-0438999 elementor-invisible elementor-widget elementor-widget-heading\" data-id=\"0438999\" data-element_type=\"widget\" data-e-type=\"widget\" data-settings=\"{&quot;_animation&quot;:&quot;slideInLeft&quot;}\" data-widget_type=\"heading.default\">\n\t\t\t\t<div class=\"elementor-widget-container\">\n\t\t\t\t\t<h1 class=\"elementor-heading-title elementor-size-default\">Wie ich arbeite...<\/h1>\t\t\t\t<\/div>\n\t\t\t\t<\/div>\n\t\t\t\t<div class=\"elementor-element elementor-element-f76e44d elementor-widget elementor-widget-heading\" data-id=\"f76e44d\" data-element_type=\"widget\" data-e-type=\"widget\" data-widget_type=\"heading.default\">\n\t\t\t\t<div class=\"elementor-widget-container\">\n\t\t\t\t\t<h2 class=\"elementor-heading-title elementor-size-default\">Business- und Unternehmensfotografin <br>im Rhein-Main-Gebiet<\/h2>\t\t\t\t<\/div>\n\t\t\t\t<\/div>\n\t\t\t\t<\/div>\n\t\t\t\t<\/div>\n\t\t<div class=\"elementor-element elementor-element-5662dd6 elementor-hidden-mobile elementor-hidden-tablet e-flex e-con-boxed e-con e-parent\" data-id=\"5662dd6\" data-element_type=\"container\" data-e-type=\"container\">\n\t\t\t\t\t<div class=\"e-con-inner\">\n\t\t<div class=\"elementor-element elementor-element-dcc3fc4 e-con-full e-flex e-con e-child\" data-id=\"dcc3fc4\" data-element_type=\"container\" data-e-type=\"container\">\n\t\t\t\t<div class=\"elementor-element elementor-element-720ffd6 elementor-widget elementor-widget-image\" data-id=\"720ffd6\" data-element_type=\"widget\" data-e-type=\"widget\" data-widget_type=\"image.default\">\n\t\t\t\t<div class=\"elementor-widget-container\">\n\t\t\t\t\t\t\t\t\t\t\t\t\t\t\t<img decoding=\"async\" width=\"800\" height=\"534\" src=\"https:\/\/miriamcastleweiss.de\/business\/wp-content\/uploads\/2024\/01\/MCW51214-web.jpg\" class=\"attachment-large size-large wp-image-2507\" alt=\"Foto einer Besprechungssituation in einer Steuerberatungskanzlei\" srcset=\"https:\/\/miriamcastleweiss.de\/business\/wp-content\/uploads\/2024\/01\/MCW51214-web.jpg 2000w, https:\/\/miriamcastleweiss.de\/business\/wp-content\/uploads\/2024\/01\/MCW51214-web-1500x1001.jpg 1500w, https:\/\/miriamcastleweiss.de\/business\/wp-content\/uploads\/2024\/01\/MCW51214-web-768x512.jpg 768w, https:\/\/miriamcastleweiss.de\/business\/wp-content\/uploads\/2024\/01\/MCW51214-web-1536x1025.jpg 1536w\" sizes=\"(max-width: 800px) 100vw, 800px\" \/>\t\t\t\t\t\t\t\t\t\t\t\t\t\t\t<\/div>\n\t\t\t\t<\/div>\n\t\t\t\t<div class=\"elementor-element elementor-element-93a7782 elementor-widget elementor-widget-image\" data-id=\"93a7782\" data-element_type=\"widget\" data-e-type=\"widget\" data-widget_type=\"image.default\">\n\t\t\t\t<div class=\"elementor-widget-container\">\n\t\t\t\t\t\t\t\t\t\t\t\t\t\t\t<img decoding=\"async\" width=\"800\" height=\"534\" src=\"https:\/\/miriamcastleweiss.de\/business\/wp-content\/uploads\/2024\/01\/MCW51057-web.jpg\" class=\"attachment-large size-large wp-image-2504\" alt=\"Gespr\u00e4chssituation im Arbeitsalltag einer Steuerberatungskanzlei\" srcset=\"https:\/\/miriamcastleweiss.de\/business\/wp-content\/uploads\/2024\/01\/MCW51057-web.jpg 2000w, https:\/\/miriamcastleweiss.de\/business\/wp-content\/uploads\/2024\/01\/MCW51057-web-1500x1001.jpg 1500w, https:\/\/miriamcastleweiss.de\/business\/wp-content\/uploads\/2024\/01\/MCW51057-web-768x512.jpg 768w, https:\/\/miriamcastleweiss.de\/business\/wp-content\/uploads\/2024\/01\/MCW51057-web-1536x1025.jpg 1536w\" sizes=\"(max-width: 800px) 100vw, 800px\" \/>\t\t\t\t\t\t\t\t\t\t\t\t\t\t\t<\/div>\n\t\t\t\t<\/div>\n\t\t\t\t<\/div>\n\t\t<div class=\"elementor-element elementor-element-6d6d9d1 e-con-full e-flex e-con e-child\" data-id=\"6d6d9d1\" data-element_type=\"container\" data-e-type=\"container\">\n\t\t\t\t<div class=\"elementor-element elementor-element-e8bef9a elementor-widget elementor-widget-heading\" data-id=\"e8bef9a\" data-element_type=\"widget\" data-e-type=\"widget\" data-widget_type=\"heading.default\">\n\t\t\t\t<div class=\"elementor-widget-container\">\n\t\t\t\t\t<h2 class=\"elementor-heading-title elementor-size-default\">Du hast vieles gleichzeitig im Blick.<\/h2>\t\t\t\t<\/div>\n\t\t\t\t<\/div>\n\t\t\t\t<div class=\"elementor-element elementor-element-6b3b4a0 elementor-widget elementor-widget-text-editor\" data-id=\"6b3b4a0\" data-element_type=\"widget\" data-e-type=\"widget\" data-widget_type=\"text-editor.default\">\n\t\t\t\t<div class=\"elementor-widget-container\">\n\t\t\t\t\t\t\t\t\t<p>Menschen, Prozesse, Erwartungen. Entscheidungen, die nicht nur heute, sondern auch morgen noch richtig sein sollen.<\/p><p><strong>Businessbilder spielen dabei eine zentrale Rolle.<\/strong> Sie pr\u00e4gen, wie ein Unternehmen wahrgenommen wird \u2013 intern wie extern. In der Kommunikation, im Recruiting, im Alltag.<\/p><p>Ich arbeite als Business- und Unternehmensfotografin im Rhein-Main-Gebiet, mit Fokus auf dokumentarische Reportagen &#8211; zwischen Frankfurt, Wiesbaden, Mainz und dem Taunus. Viele meiner Auftr\u00e4ge f\u00fchren mich in mittelst\u00e4ndische Unternehmen, Agenturen und B\u00fcros rund um Eppstein, Bad Soden oder Kronberg.<\/p><p>F\u00fcr Marketing-Teams, Kommunikation, HR und F\u00fchrungskr\u00e4fte und f\u00fcr Selbst\u00e4ndige, die ihre Arbeit klar und stimmig nach au\u00dfen zeigen m\u00f6chten. F\u00fcr alle, die Bilder brauchen, die echt wirken und trotzdem eine Geschichte erz\u00e4hlen.<\/p>\t\t\t\t\t\t\t\t<\/div>\n\t\t\t\t<\/div>\n\t\t\t\t<\/div>\n\t\t\t\t\t<\/div>\n\t\t\t\t<\/div>\n\t\t<div class=\"elementor-element elementor-element-c4afbcc e-con-full elementor-hidden-desktop e-flex e-con e-parent\" data-id=\"c4afbcc\" data-element_type=\"container\" data-e-type=\"container\">\n\t\t\t\t<div class=\"elementor-element elementor-element-036b389 elementor-widget elementor-widget-heading\" data-id=\"036b389\" data-element_type=\"widget\" data-e-type=\"widget\" data-widget_type=\"heading.default\">\n\t\t\t\t<div class=\"elementor-widget-container\">\n\t\t\t\t\t<h2 class=\"elementor-heading-title elementor-size-default\">Du hast vieles gleichzeitig im Blick.<\/h2>\t\t\t\t<\/div>\n\t\t\t\t<\/div>\n\t\t\t\t<div class=\"elementor-element elementor-element-5de5d95 elementor-widget elementor-widget-text-editor\" data-id=\"5de5d95\" data-element_type=\"widget\" data-e-type=\"widget\" data-widget_type=\"text-editor.default\">\n\t\t\t\t<div class=\"elementor-widget-container\">\n\t\t\t\t\t\t\t\t\t<p>Menschen, Prozesse, Erwartungen. Entscheidungen, die nicht nur heute, sondern auch morgen noch richtig sein sollen.<\/p><p><strong>Businessbilder spielen dabei eine zentrale Rolle.<\/strong> Sie pr\u00e4gen, wie ein Unternehmen wahrgenommen wird \u2013 intern wie extern. In der Kommunikation, im Recruiting, im Alltag.<\/p>\t\t\t\t\t\t\t\t<\/div>\n\t\t\t\t<\/div>\n\t\t\t\t<div class=\"elementor-element elementor-element-61bf8ef elementor-widget elementor-widget-image\" data-id=\"61bf8ef\" data-element_type=\"widget\" data-e-type=\"widget\" data-widget_type=\"image.default\">\n\t\t\t\t<div class=\"elementor-widget-container\">\n\t\t\t\t\t\t\t\t\t\t\t\t\t\t\t<img decoding=\"async\" width=\"800\" height=\"534\" src=\"https:\/\/miriamcastleweiss.de\/business\/wp-content\/uploads\/2024\/01\/MCW51214-web.jpg\" class=\"attachment-large size-large wp-image-2507\" alt=\"Foto einer Besprechungssituation in einer Steuerberatungskanzlei\" srcset=\"https:\/\/miriamcastleweiss.de\/business\/wp-content\/uploads\/2024\/01\/MCW51214-web.jpg 2000w, https:\/\/miriamcastleweiss.de\/business\/wp-content\/uploads\/2024\/01\/MCW51214-web-1500x1001.jpg 1500w, https:\/\/miriamcastleweiss.de\/business\/wp-content\/uploads\/2024\/01\/MCW51214-web-768x512.jpg 768w, https:\/\/miriamcastleweiss.de\/business\/wp-content\/uploads\/2024\/01\/MCW51214-web-1536x1025.jpg 1536w\" sizes=\"(max-width: 800px) 100vw, 800px\" \/>\t\t\t\t\t\t\t\t\t\t\t\t\t\t\t<\/div>\n\t\t\t\t<\/div>\n\t\t\t\t<div class=\"elementor-element elementor-element-6518dc1 elementor-widget elementor-widget-text-editor\" data-id=\"6518dc1\" data-element_type=\"widget\" data-e-type=\"widget\" data-widget_type=\"text-editor.default\">\n\t\t\t\t<div class=\"elementor-widget-container\">\n\t\t\t\t\t\t\t\t\t<p>Ich arbeite als Business- und Unternehmensfotografin im Rhein-Main-Gebiet, mit Fokus auf dokumentarische Reportagen &#8211; zwischen Frankfurt, Wiesbaden, Mainz und dem Taunus. Viele meiner Auftr\u00e4ge f\u00fchren mich in mittelst\u00e4ndische Unternehmen, Agenturen und B\u00fcros rund um Eppstein, Bad Soden oder Kronberg.<\/p><p>F\u00fcr Marketing-Teams, Kommunikation, HR und F\u00fchrungskr\u00e4fte und f\u00fcr Selbst\u00e4ndige, die ihre Arbeit klar und stimmig nach au\u00dfen zeigen m\u00f6chten. F\u00fcr alle, die Bilder brauchen, die echt wirken und trotzdem eine Geschichte erz\u00e4hlen.<\/p>\t\t\t\t\t\t\t\t<\/div>\n\t\t\t\t<\/div>\n\t\t\t\t<div class=\"elementor-element elementor-element-35d77e1 elementor-widget elementor-widget-image\" data-id=\"35d77e1\" data-element_type=\"widget\" data-e-type=\"widget\" data-widget_type=\"image.default\">\n\t\t\t\t<div class=\"elementor-widget-container\">\n\t\t\t\t\t\t\t\t\t\t\t\t\t\t\t<img decoding=\"async\" width=\"800\" height=\"534\" src=\"https:\/\/miriamcastleweiss.de\/business\/wp-content\/uploads\/2024\/01\/MCW51057-web.jpg\" class=\"attachment-large size-large wp-image-2504\" alt=\"Gespr\u00e4chssituation im Arbeitsalltag einer Steuerberatungskanzlei\" srcset=\"https:\/\/miriamcastleweiss.de\/business\/wp-content\/uploads\/2024\/01\/MCW51057-web.jpg 2000w, https:\/\/miriamcastleweiss.de\/business\/wp-content\/uploads\/2024\/01\/MCW51057-web-1500x1001.jpg 1500w, https:\/\/miriamcastleweiss.de\/business\/wp-content\/uploads\/2024\/01\/MCW51057-web-768x512.jpg 768w, https:\/\/miriamcastleweiss.de\/business\/wp-content\/uploads\/2024\/01\/MCW51057-web-1536x1025.jpg 1536w\" sizes=\"(max-width: 800px) 100vw, 800px\" \/>\t\t\t\t\t\t\t\t\t\t\t\t\t\t\t<\/div>\n\t\t\t\t<\/div>\n\t\t\t\t<\/div>\n\t\t<div class=\"elementor-element elementor-element-2f2505b e-flex e-con-boxed e-con e-parent\" data-id=\"2f2505b\" data-element_type=\"container\" data-e-type=\"container\" data-settings=\"{&quot;background_background&quot;:&quot;classic&quot;}\">\n\t\t\t\t\t<div class=\"e-con-inner\">\n\t\t\t\t<div class=\"elementor-element elementor-element-e2a5b75 elementor-widget elementor-widget-heading\" data-id=\"e2a5b75\" data-element_type=\"widget\" data-e-type=\"widget\" data-widget_type=\"heading.default\">\n\t\t\t\t<div class=\"elementor-widget-container\">\n\t\t\t\t\t<h2 class=\"elementor-heading-title elementor-size-default\">Wie meine Bilder entstehen<\/h2>\t\t\t\t<\/div>\n\t\t\t\t<\/div>\n\t\t\t\t<div class=\"elementor-element elementor-element-c7c5c0c elementor-widget elementor-widget-text-editor\" data-id=\"c7c5c0c\" data-element_type=\"widget\" data-e-type=\"widget\" data-widget_type=\"text-editor.default\">\n\t\t\t\t<div class=\"elementor-widget-container\">\n\t\t\t\t\t\t\t\t\t<p style=\"font-weight: 400;\">Wenn ich fotografiere, schaut niemand in die Kamera. Ich fotografiere, wenn Arbeit wirklich passiert und wenn Menschen zusammenarbeiten. W\u00e4hrend sich ein Team bespricht, w\u00e4hrend der Interaktion mit Kund:innen. W\u00e4hrend ein Produkt hergestellt oder verwendet wird. Meine Arbeit bewegt sich zwischen Businessfotografie, Unternehmensreportage und Employer-Branding-Bildern.<\/p><p style=\"font-weight: 400;\">Mitten im Tun.<\/p>\t\t\t\t\t\t\t\t<\/div>\n\t\t\t\t<\/div>\n\t\t\t\t<div class=\"elementor-element elementor-element-415a890 elementor-widget elementor-widget-image\" data-id=\"415a890\" data-element_type=\"widget\" data-e-type=\"widget\" data-widget_type=\"image.default\">\n\t\t\t\t<div class=\"elementor-widget-container\">\n\t\t\t\t\t\t\t\t\t\t\t\t<figure class=\"wp-caption\">\n\t\t\t\t\t\t\t\t\t\t<img loading=\"lazy\" decoding=\"async\" width=\"800\" height=\"532\" src=\"https:\/\/miriamcastleweiss.de\/business\/wp-content\/uploads\/2025\/02\/45-230321_0045-web.jpg\" class=\"attachment-large size-large wp-image-2736\" alt=\"Miriam Castle-Weiss drau\u00dfen unterwegs, beobachtend im Moment\" srcset=\"https:\/\/miriamcastleweiss.de\/business\/wp-content\/uploads\/2025\/02\/45-230321_0045-web.jpg 1431w, https:\/\/miriamcastleweiss.de\/business\/wp-content\/uploads\/2025\/02\/45-230321_0045-web-768x511.jpg 768w\" sizes=\"(max-width: 800px) 100vw, 800px\" \/>\t\t\t\t\t\t\t\t\t\t\t<figcaption class=\"widget-image-caption wp-caption-text\">Foto: Stephanie Phillips<\/figcaption>\n\t\t\t\t\t\t\t\t\t\t<\/figure>\n\t\t\t\t\t\t\t\t\t<\/div>\n\t\t\t\t<\/div>\n\t\t\t\t\t<\/div>\n\t\t\t\t<\/div>\n\t\t<div class=\"elementor-element elementor-element-10a6025 e-flex e-con-boxed e-con e-parent\" data-id=\"10a6025\" data-element_type=\"container\" data-e-type=\"container\">\n\t\t\t\t\t<div class=\"e-con-inner\">\n\t\t<div class=\"elementor-element elementor-element-68f0d15 e-con-full e-flex e-con e-child\" data-id=\"68f0d15\" data-element_type=\"container\" data-e-type=\"container\" data-settings=\"{&quot;background_background&quot;:&quot;classic&quot;}\">\n\t\t\t\t<div class=\"elementor-element elementor-element-9fab3d7 elementor-widget elementor-widget-image\" data-id=\"9fab3d7\" data-element_type=\"widget\" data-e-type=\"widget\" data-widget_type=\"image.default\">\n\t\t\t\t<div class=\"elementor-widget-container\">\n\t\t\t\t\t\t\t\t\t\t\t\t<figure class=\"wp-caption\">\n\t\t\t\t\t\t\t\t\t\t<img loading=\"lazy\" decoding=\"async\" width=\"800\" height=\"1202\" src=\"https:\/\/miriamcastleweiss.de\/business\/wp-content\/uploads\/2026\/01\/20-01-02-09-20-34-web.jpg\" class=\"attachment-large size-large wp-image-3206\" alt=\"Miriam Castle-Weiss beim Fotografieren, konzentriert im Arbeitsprozess\" srcset=\"https:\/\/miriamcastleweiss.de\/business\/wp-content\/uploads\/2026\/01\/20-01-02-09-20-34-web.jpg 998w, https:\/\/miriamcastleweiss.de\/business\/wp-content\/uploads\/2026\/01\/20-01-02-09-20-34-web-768x1154.jpg 768w\" sizes=\"(max-width: 800px) 100vw, 800px\" \/>\t\t\t\t\t\t\t\t\t\t\t<figcaption class=\"widget-image-caption wp-caption-text\">Foto: Stephanie Phillips<\/figcaption>\n\t\t\t\t\t\t\t\t\t\t<\/figure>\n\t\t\t\t\t\t\t\t\t<\/div>\n\t\t\t\t<\/div>\n\t\t\t\t<\/div>\n\t\t<div class=\"elementor-element elementor-element-596c1db e-con-full e-flex e-con e-child\" data-id=\"596c1db\" data-element_type=\"container\" data-e-type=\"container\" data-settings=\"{&quot;background_background&quot;:&quot;classic&quot;}\">\n\t\t\t\t<div class=\"elementor-element elementor-element-7f6e49a elementor-widget elementor-widget-heading\" data-id=\"7f6e49a\" data-element_type=\"widget\" data-e-type=\"widget\" data-widget_type=\"heading.default\">\n\t\t\t\t<div class=\"elementor-widget-container\">\n\t\t\t\t\t<h2 class=\"elementor-heading-title elementor-size-default\">\nPlanung und Ablauf\n\n<\/h2>\t\t\t\t<\/div>\n\t\t\t\t<\/div>\n\t\t\t\t<div class=\"elementor-element elementor-element-fd9fb5a elementor-widget elementor-widget-text-editor\" data-id=\"fd9fb5a\" data-element_type=\"widget\" data-e-type=\"widget\" data-widget_type=\"text-editor.default\">\n\t\t\t\t<div class=\"elementor-widget-container\">\n\t\t\t\t\t\t\t\t\t<p>Damit diese Art von Bildern entstehen kann, braucht es einen klaren Rahmen. Ich verbinde Ideen mit strukturierter Planung und halte Prozesse so einfach wie m\u00f6glich. Im Vorfeld kl\u00e4ren wir gemeinsam, wof\u00fcr die Bilder gebraucht werden, heute und langfristig. F\u00fcr welche Kan\u00e4le, f\u00fcr welche Zielgruppen und in welchem Kontext sie wirken sollen. Aus diesem Gespr\u00e4ch w\u00e4chst eine Grundlage, die Orientierung gibt und den Ablauf des Fotoshootings trotzdem offen l\u00e4sst.\u00a0<\/p>\t\t\t\t\t\t\t\t<\/div>\n\t\t\t\t<\/div>\n\t\t\t\t<div class=\"elementor-element elementor-element-daf922f elementor-widget elementor-widget-button\" data-id=\"daf922f\" data-element_type=\"widget\" data-e-type=\"widget\" data-widget_type=\"button.default\">\n\t\t\t\t<div class=\"elementor-widget-container\">\n\t\t\t\t\t\t\t\t\t<div class=\"elementor-button-wrapper\">\n\t\t\t\t\t<a class=\"elementor-button elementor-button-link elementor-size-sm\" href=\"https:\/\/miriamcastleweiss.de\/business\/?page_id=939\">\n\t\t\t\t\t\t<span class=\"elementor-button-content-wrapper\">\n\t\t\t\t\t\t\t\t\t<span class=\"elementor-button-text\">Business-Story anfragen   \u27f6<\/span>\n\t\t\t\t\t<\/span>\n\t\t\t\t\t<\/a>\n\t\t\t\t<\/div>\n\t\t\t\t\t\t\t\t<\/div>\n\t\t\t\t<\/div>\n\t\t\t\t<div class=\"elementor-element elementor-element-2600dd3 elementor-widget elementor-widget-text-editor\" data-id=\"2600dd3\" data-element_type=\"widget\" data-e-type=\"widget\" data-widget_type=\"text-editor.default\">\n\t\t\t\t<div class=\"elementor-widget-container\">\n\t\t\t\t\t\t\t\t\t<p style=\"font-weight: 400;\">Diese Art zu arbeiten habe ich mir bewusst gew\u00e4hlt. Ich mag es, Zusammenh\u00e4nge zu durchdringen, die richtigen Fragen zu stellen und mit euch zusammen euer Fotoshooting vorzubereiten.\u00a0<br \/>Weil ich \u00fcberzeugt bin, dass Bilder nur dann wirklich wirken, wenn man sich vorher Zeit nimmt zu verstehen, worum es eigentlich geht.<\/p>\t\t\t\t\t\t\t\t<\/div>\n\t\t\t\t<\/div>\n\t\t\t\t<\/div>\n\t\t\t\t\t<\/div>\n\t\t\t\t<\/div>\n\t\t<div class=\"elementor-element elementor-element-5ccd2ff e-flex e-con-boxed e-con e-parent\" data-id=\"5ccd2ff\" data-element_type=\"container\" data-e-type=\"container\">\n\t\t\t\t\t<div class=\"e-con-inner\">\n\t\t\t\t<div class=\"elementor-element elementor-element-a8a787f elementor-widget elementor-widget-heading\" data-id=\"a8a787f\" data-element_type=\"widget\" data-e-type=\"widget\" data-widget_type=\"heading.default\">\n\t\t\t\t<div class=\"elementor-widget-container\">\n\t\t\t\t\t<h2 class=\"elementor-heading-title elementor-size-default\">Beim Fotografieren <\/h2>\t\t\t\t<\/div>\n\t\t\t\t<\/div>\n\t\t\t\t<div class=\"elementor-element elementor-element-5ad670b elementor-widget elementor-widget-text-editor\" data-id=\"5ad670b\" data-element_type=\"widget\" data-e-type=\"widget\" data-widget_type=\"text-editor.default\">\n\t\t\t\t<div class=\"elementor-widget-container\">\n\t\t\t\t\t\t\t\t\t<p style=\"font-weight: 400;\">Beim Fotografieren reagiere auf das, was sich entwickelt und behalte gleichzeitig den \u00dcberblick. Ich beobachte Dynamiken, Zwischent\u00f6ne, kleine Gesten. So entstehen Bilder mit echtem Ausdruck. Ohne Posen.<br \/>Denn Bilder treffen Entscheidungen mit. Oft langfristiger, als man im Moment des Fotografierens denkt.<\/p>\t\t\t\t\t\t\t\t<\/div>\n\t\t\t\t<\/div>\n\t\t\t\t<div class=\"elementor-element elementor-element-fffdb20 elementor-widget elementor-widget-image\" data-id=\"fffdb20\" data-element_type=\"widget\" data-e-type=\"widget\" data-widget_type=\"image.default\">\n\t\t\t\t<div class=\"elementor-widget-container\">\n\t\t\t\t\t\t\t\t\t\t\t\t<figure class=\"wp-caption\">\n\t\t\t\t\t\t\t\t\t\t<img loading=\"lazy\" decoding=\"async\" width=\"800\" height=\"534\" src=\"https:\/\/miriamcastleweiss.de\/business\/wp-content\/uploads\/2025\/12\/22-08-26-15-49-16-web.jpg\" class=\"attachment-large size-large wp-image-3039\" alt=\"Produkt im Einsatz fotografiert im Arbeitsalltag eines Unternehmens\" srcset=\"https:\/\/miriamcastleweiss.de\/business\/wp-content\/uploads\/2025\/12\/22-08-26-15-49-16-web.jpg 1800w, https:\/\/miriamcastleweiss.de\/business\/wp-content\/uploads\/2025\/12\/22-08-26-15-49-16-web-1500x1001.jpg 1500w, https:\/\/miriamcastleweiss.de\/business\/wp-content\/uploads\/2025\/12\/22-08-26-15-49-16-web-768x512.jpg 768w, https:\/\/miriamcastleweiss.de\/business\/wp-content\/uploads\/2025\/12\/22-08-26-15-49-16-web-1536x1025.jpg 1536w\" sizes=\"(max-width: 800px) 100vw, 800px\" \/>\t\t\t\t\t\t\t\t\t\t\t<figcaption class=\"widget-image-caption wp-caption-text\">Produktfoto f\u00fcr Jolly Designs<\/figcaption>\n\t\t\t\t\t\t\t\t\t\t<\/figure>\n\t\t\t\t\t\t\t\t\t<\/div>\n\t\t\t\t<\/div>\n\t\t\t\t\t<\/div>\n\t\t\t\t<\/div>\n\t\t<div class=\"elementor-element elementor-element-88ca148 e-flex e-con-boxed e-con e-parent\" data-id=\"88ca148\" data-element_type=\"container\" data-e-type=\"container\" data-settings=\"{&quot;background_background&quot;:&quot;classic&quot;}\">\n\t\t\t\t\t<div class=\"e-con-inner\">\n\t\t<div class=\"elementor-element elementor-element-6ae2406 e-con-full e-flex e-con e-child\" data-id=\"6ae2406\" data-element_type=\"container\" data-e-type=\"container\">\n\t\t\t\t<div class=\"elementor-element elementor-element-df721e1 elementor-widget elementor-widget-heading\" data-id=\"df721e1\" data-element_type=\"widget\" data-e-type=\"widget\" data-widget_type=\"heading.default\">\n\t\t\t\t<div class=\"elementor-widget-container\">\n\t\t\t\t\t<h2 class=\"elementor-heading-title elementor-size-default\">Nach dem Fotografieren <\/h2>\t\t\t\t<\/div>\n\t\t\t\t<\/div>\n\t\t\t\t<div class=\"elementor-element elementor-element-4d3d43d elementor-widget elementor-widget-text-editor\" data-id=\"4d3d43d\" data-element_type=\"widget\" data-e-type=\"widget\" data-widget_type=\"text-editor.default\">\n\t\t\t\t<div class=\"elementor-widget-container\">\n\t\t\t\t\t\t\t\t\t<p style=\"font-weight: 400;\">Auch nach dem Fotografieren bleibt es \u00fcbersichtlich. Ich bereite die Bilder sorgf\u00e4ltig auf und strukturiere sie so, dass sie im Alltag schnell nutzbar sind \u2013 f\u00fcr Website, Social Media, interne Kommunikation, Employer Branding oder Pressearbeit. Die Bilder sollen nicht im Archiv verschwinden, sondern ihren Platz dort finden, wo sie gebraucht werden.<\/p>\t\t\t\t\t\t\t\t<\/div>\n\t\t\t\t<\/div>\n\t\t\t\t<\/div>\n\t\t\t\t\t<\/div>\n\t\t\t\t<\/div>\n\t\t<div class=\"elementor-element elementor-element-de66170 e-flex e-con-boxed e-con e-parent\" data-id=\"de66170\" data-element_type=\"container\" data-e-type=\"container\">\n\t\t\t\t\t<div class=\"e-con-inner\">\n\t\t\t\t<div class=\"elementor-element elementor-element-2ca702b elementor-widget elementor-widget-image\" data-id=\"2ca702b\" data-element_type=\"widget\" data-e-type=\"widget\" data-widget_type=\"image.default\">\n\t\t\t\t<div class=\"elementor-widget-container\">\n\t\t\t\t\t\t\t\t\t\t\t\t<figure class=\"wp-caption\">\n\t\t\t\t\t\t\t\t\t\t<img loading=\"lazy\" decoding=\"async\" width=\"800\" height=\"1202\" src=\"https:\/\/miriamcastleweiss.de\/business\/wp-content\/uploads\/2026\/01\/20-01-02-09-22-23-web.jpg\" class=\"attachment-large size-large wp-image-3211\" alt=\"Miriam Castle-Weiss pr\u00fcft Bilder an der Kamera nach dem Fotografieren\" srcset=\"https:\/\/miriamcastleweiss.de\/business\/wp-content\/uploads\/2026\/01\/20-01-02-09-22-23-web.jpg 998w, https:\/\/miriamcastleweiss.de\/business\/wp-content\/uploads\/2026\/01\/20-01-02-09-22-23-web-768x1154.jpg 768w\" sizes=\"(max-width: 800px) 100vw, 800px\" \/>\t\t\t\t\t\t\t\t\t\t\t<figcaption class=\"widget-image-caption wp-caption-text\">Foto: Stephanie Philipps<\/figcaption>\n\t\t\t\t\t\t\t\t\t\t<\/figure>\n\t\t\t\t\t\t\t\t\t<\/div>\n\t\t\t\t<\/div>\n\t\t<div class=\"elementor-element elementor-element-4f0aeeb e-con-full e-flex e-con e-child\" data-id=\"4f0aeeb\" data-element_type=\"container\" data-e-type=\"container\">\n\t\t\t\t<div class=\"elementor-element elementor-element-3dce34c elementor-widget elementor-widget-heading\" data-id=\"3dce34c\" data-element_type=\"widget\" data-e-type=\"widget\" data-widget_type=\"heading.default\">\n\t\t\t\t<div class=\"elementor-widget-container\">\n\t\t\t\t\t<h2 class=\"elementor-heading-title elementor-size-default\">Miriam hinter der Kamera<\/h2>\t\t\t\t<\/div>\n\t\t\t\t<\/div>\n\t\t\t\t<div class=\"elementor-element elementor-element-94a9177 elementor-widget elementor-widget-text-editor\" data-id=\"94a9177\" data-element_type=\"widget\" data-e-type=\"widget\" data-widget_type=\"text-editor.default\">\n\t\t\t\t<div class=\"elementor-widget-container\">\n\t\t\t\t\t\t\t\t\t<p data-start=\"0\" data-end=\"425\">Ich brenne f\u00fcr Themen mit Substanz \u2013 f\u00fcr Urspr\u00fcngliches, \u00d6kologie und kluge L\u00f6sungen f\u00fcr den Alltag. Mich ziehen Ideen an, bei denen es um Ressourcenschonung, Dinge selbst herstellen und Abl\u00e4ufe sinnvoll vereinfachen geht. Genauso sehr liebe ich Gemeinschaft und Netzwerke: Ich arbeite am liebsten im Austausch, kenne viele Unternehmen hier im Umfeld und verbinde Menschen gern miteinander, wenn sich M\u00f6glichkeiten ergeben.<\/p><p data-start=\"427\" data-end=\"937\" data-is-last-node=\"\" data-is-only-node=\"\">In meiner fotografischen Arbeit ist mir wichtig, dass ein Raum entsteht, in dem Fragen und Unsicherheiten Platz haben. Ich m\u00f6chte Menschen st\u00e4rken, sich genau so fotografieren zu lassen, wie sie sind \u2013 mit dem Look, in dem sie jeden Tag arbeiten, und mit dem Selbstbewusstsein, sich auf den Bildern wiederzuerkennen. Mein Optimierungs-Gen und mein Blick f\u00fcr nachhaltige Wege pr\u00e4gen meine Arbeit genauso wie meine Naturverbundenheit und die Zeit drau\u00dfen im Taunus mit meiner Familie und unserer Greyhoundh\u00fcndin.<\/p>\t\t\t\t\t\t\t\t<\/div>\n\t\t\t\t<\/div>\n\t\t\t\t<\/div>\n\t\t\t\t\t<\/div>\n\t\t\t\t<\/div>\n\t\t<div class=\"elementor-element elementor-element-af52646 e-flex e-con-boxed e-con e-parent\" data-id=\"af52646\" data-element_type=\"container\" data-e-type=\"container\" data-settings=\"{&quot;background_background&quot;:&quot;classic&quot;}\">\n\t\t\t\t\t<div class=\"e-con-inner\">\n\t\t\t\t<div class=\"elementor-element elementor-element-f1ab684 elementor-widget elementor-widget-heading\" data-id=\"f1ab684\" data-element_type=\"widget\" data-e-type=\"widget\" data-widget_type=\"heading.default\">\n\t\t\t\t<div class=\"elementor-widget-container\">\n\t\t\t\t\t<h2 class=\"elementor-heading-title elementor-size-default\">Zusammenarbeit<\/h2>\t\t\t\t<\/div>\n\t\t\t\t<\/div>\n\t\t\t\t<div class=\"elementor-element elementor-element-e216325 elementor-widget elementor-widget-text-editor\" data-id=\"e216325\" data-element_type=\"widget\" data-e-type=\"widget\" data-widget_type=\"text-editor.default\">\n\t\t\t\t<div class=\"elementor-widget-container\">\n\t\t\t\t\t\t\t\t\t<p style=\"font-weight: 400;\">Gute Zusammenarbeit beginnt f\u00fcr mich mit einem Gespr\u00e4ch. Wenn ihr Bilder braucht, die Prozesse zeigen statt Fassaden, wenn ihr Klarheit sucht statt Inszenierung und wenn euch wichtig ist, dass jemand mitdenkt \u2013 dann lasst uns sprechen.<\/p><p style=\"font-weight: 400;\">In einem ersten Austausch kl\u00e4ren wir, ob es fachlich und menschlich passt und ob wir gemeinsam Bilder entwickeln k\u00f6nnen, die euch im Alltag wirklich unterst\u00fctzen.\u00a0<\/p>\t\t\t\t\t\t\t\t<\/div>\n\t\t\t\t<\/div>\n\t\t<div class=\"elementor-element elementor-element-cdc971e e-con-full e-flex e-con e-child\" data-id=\"cdc971e\" data-element_type=\"container\" data-e-type=\"container\">\n\t\t\t\t<div class=\"elementor-element elementor-element-2ed26a4 elementor-widget elementor-widget-image\" data-id=\"2ed26a4\" data-element_type=\"widget\" data-e-type=\"widget\" data-widget_type=\"image.default\">\n\t\t\t\t<div class=\"elementor-widget-container\">\n\t\t\t\t\t\t\t\t\t\t\t\t<figure class=\"wp-caption\">\n\t\t\t\t\t\t\t\t\t\t<img loading=\"lazy\" decoding=\"async\" width=\"800\" height=\"800\" src=\"https:\/\/miriamcastleweiss.de\/business\/wp-content\/uploads\/2025\/12\/157-talenteaustausch-2023-monschau-miriam-klein-e1765723798958.jpg\" class=\"attachment-large size-large wp-image-3035\" alt=\"Miriam Castle-Weiss mit Kamera, ruhig und aufmerksam im Moment\" srcset=\"https:\/\/miriamcastleweiss.de\/business\/wp-content\/uploads\/2025\/12\/157-talenteaustausch-2023-monschau-miriam-klein-e1765723798958.jpg 995w, https:\/\/miriamcastleweiss.de\/business\/wp-content\/uploads\/2025\/12\/157-talenteaustausch-2023-monschau-miriam-klein-e1765723798958-600x600.jpg 600w, https:\/\/miriamcastleweiss.de\/business\/wp-content\/uploads\/2025\/12\/157-talenteaustausch-2023-monschau-miriam-klein-e1765723798958-768x768.jpg 768w\" sizes=\"(max-width: 800px) 100vw, 800px\" \/>\t\t\t\t\t\t\t\t\t\t\t<figcaption class=\"widget-image-caption wp-caption-text\">Foto: Gesche Schmidt<\/figcaption>\n\t\t\t\t\t\t\t\t\t\t<\/figure>\n\t\t\t\t\t\t\t\t\t<\/div>\n\t\t\t\t<\/div>\n\t\t\t\t<div class=\"elementor-element elementor-element-0b38893 elementor-widget elementor-widget-button\" data-id=\"0b38893\" data-element_type=\"widget\" data-e-type=\"widget\" data-widget_type=\"button.default\">\n\t\t\t\t<div class=\"elementor-widget-container\">\n\t\t\t\t\t\t\t\t\t<div class=\"elementor-button-wrapper\">\n\t\t\t\t\t<a class=\"elementor-button elementor-button-link elementor-size-sm\" href=\"https:\/\/miriamcastleweiss.de\/business\/?page_id=939\">\n\t\t\t\t\t\t<span class=\"elementor-button-content-wrapper\">\n\t\t\t\t\t\t\t\t\t<span class=\"elementor-button-text\">Schreib mir gern und erz\u00e4hle mir, wof\u00fcr ihr Bilder braucht.<\/span>\n\t\t\t\t\t<\/span>\n\t\t\t\t\t<\/a>\n\t\t\t\t<\/div>\n\t\t\t\t\t\t\t\t<\/div>\n\t\t\t\t<\/div>\n\t\t\t\t<\/div>\n\t\t\t\t<div class=\"elementor-element elementor-element-4cab669 elementor-widget elementor-widget-button\" data-id=\"4cab669\" data-element_type=\"widget\" data-e-type=\"widget\" data-widget_type=\"button.default\">\n\t\t\t\t<div class=\"elementor-widget-container\">\n\t\t\t\t\t\t\t\t\t<div class=\"elementor-button-wrapper\">\n\t\t\t\t\t<a class=\"elementor-button elementor-button-link elementor-size-sm\" href=\"https:\/\/miriamcastleweiss.de\/business\/\">\n\t\t\t\t\t\t<span class=\"elementor-button-content-wrapper\">\n\t\t\t\t\t\t\t\t\t<span class=\"elementor-button-text\">---&gt; zur\u00fcck zur Startseite<\/span>\n\t\t\t\t\t<\/span>\n\t\t\t\t\t<\/a>\n\t\t\t\t<\/div>\n\t\t\t\t\t\t\t\t<\/div>\n\t\t\t\t<\/div>\n\t\t\t\t\t<\/div>\n\t\t\t\t<\/div>\n\t\t\t\t<\/div>\n\t\t","protected":false},"excerpt":{"rendered":"<p>Wie ich arbeite&#8230; Business- und Unternehmensfotografin im Rhein-Main-Gebiet Du hast vieles gleichzeitig im Blick. Menschen, Prozesse, Erwartungen. Entscheidungen, die nicht nur heute, sondern auch morgen noch richtig sein sollen. Businessbilder spielen dabei eine zentrale Rolle. Sie pr\u00e4gen, wie ein Unternehmen wahrgenommen wird \u2013 intern wie extern. In der Kommunikation, im Recruiting, im Alltag. Ich arbeite [&hellip;]<\/p>\n","protected":false},"author":1,"featured_media":0,"parent":0,"menu_order":0,"comment_status":"closed","ping_status":"closed","template":"","meta":{"_acf_changed":false,"footnotes":""},"class_list":["post-3193","page","type-page","status-publish","hentry"],"acf":[],"yoast_head":"<!-- This site is optimized with the Yoast SEO plugin v27.5 - https:\/\/yoast.com\/product\/yoast-seo-wordpress\/ -->\n<title>Wie ich arbeite: Businessfotografin Rhein-Main |Miriam Castle-Weiss<\/title>\n<meta name=\"description\" content=\"Ich fotografiere Business dort, wo Arbeit passiert \u2013 klar geplant, ruhig beobachtet, dokumentarisch umgesetzt als Businessfotografin im Rhein\" \/>\n<meta name=\"robots\" content=\"index, follow, max-snippet:-1, max-image-preview:large, max-video-preview:-1\" \/>\n<link rel=\"canonical\" href=\"https:\/\/miriamcastleweiss.de\/business\/ueber-mich\/\" \/>\n<meta property=\"og:locale\" content=\"de_DE\" \/>\n<meta property=\"og:type\" content=\"article\" \/>\n<meta property=\"og:title\" content=\"Wie ich arbeite: Businessfotografin Rhein-Main |Miriam Castle-Weiss\" \/>\n<meta property=\"og:description\" content=\"Ich fotografiere Business dort, wo Arbeit passiert \u2013 klar geplant, ruhig beobachtet, dokumentarisch umgesetzt als Businessfotografin im Rhein\" \/>\n<meta property=\"og:url\" content=\"https:\/\/miriamcastleweiss.de\/business\/ueber-mich\/\" \/>\n<meta property=\"og:site_name\" content=\"Businessfotografie Wiesbaden\" \/>\n<meta property=\"article:publisher\" content=\"https:\/\/www.facebook.com\/miriamcastleweiss.fotografie\" \/>\n<meta property=\"article:modified_time\" content=\"2026-01-27T15:18:43+00:00\" \/>\n<meta property=\"og:image\" content=\"https:\/\/miriamcastleweiss.de\/business\/wp-content\/uploads\/2025\/12\/230322_0215-web.jpg\" \/>\n\t<meta property=\"og:image:width\" content=\"1375\" \/>\n\t<meta property=\"og:image:height\" content=\"915\" \/>\n\t<meta property=\"og:image:type\" content=\"image\/jpeg\" \/>\n<meta name=\"twitter:card\" content=\"summary_large_image\" \/>\n<meta name=\"twitter:label1\" content=\"Gesch\u00e4tzte Lesezeit\" \/>\n\t<meta name=\"twitter:data1\" content=\"7\u00a0Minuten\" \/>\n<script type=\"application\/ld+json\" class=\"yoast-schema-graph\">{\"@context\":\"https:\\\/\\\/schema.org\",\"@graph\":[{\"@type\":\"WebPage\",\"@id\":\"https:\\\/\\\/miriamcastleweiss.de\\\/business\\\/ueber-mich\\\/\",\"url\":\"https:\\\/\\\/miriamcastleweiss.de\\\/business\\\/ueber-mich\\\/\",\"name\":\"Wie ich arbeite: Businessfotografin Rhein-Main |Miriam Castle-Weiss\",\"isPartOf\":{\"@id\":\"https:\\\/\\\/miriamcastleweiss.de\\\/business\\\/#website\"},\"primaryImageOfPage\":{\"@id\":\"https:\\\/\\\/miriamcastleweiss.de\\\/business\\\/ueber-mich\\\/#primaryimage\"},\"image\":{\"@id\":\"https:\\\/\\\/miriamcastleweiss.de\\\/business\\\/ueber-mich\\\/#primaryimage\"},\"thumbnailUrl\":\"https:\\\/\\\/miriamcastleweiss.de\\\/business\\\/wp-content\\\/uploads\\\/2025\\\/12\\\/230322_0215-web.jpg\",\"datePublished\":\"2026-01-07T20:00:18+00:00\",\"dateModified\":\"2026-01-27T15:18:43+00:00\",\"description\":\"Ich fotografiere Business dort, wo Arbeit passiert \u2013 klar geplant, ruhig beobachtet, dokumentarisch umgesetzt als Businessfotografin im Rhein\",\"breadcrumb\":{\"@id\":\"https:\\\/\\\/miriamcastleweiss.de\\\/business\\\/ueber-mich\\\/#breadcrumb\"},\"inLanguage\":\"de\",\"potentialAction\":[{\"@type\":\"ReadAction\",\"target\":[\"https:\\\/\\\/miriamcastleweiss.de\\\/business\\\/ueber-mich\\\/\"]}]},{\"@type\":\"ImageObject\",\"inLanguage\":\"de\",\"@id\":\"https:\\\/\\\/miriamcastleweiss.de\\\/business\\\/ueber-mich\\\/#primaryimage\",\"url\":\"https:\\\/\\\/miriamcastleweiss.de\\\/business\\\/wp-content\\\/uploads\\\/2025\\\/12\\\/230322_0215-web.jpg\",\"contentUrl\":\"https:\\\/\\\/miriamcastleweiss.de\\\/business\\\/wp-content\\\/uploads\\\/2025\\\/12\\\/230322_0215-web.jpg\",\"width\":1375,\"height\":915,\"caption\":\"Miriam Castle-Weiss im Arbeitsalltag vor Ort bei einem Unternehmen\"},{\"@type\":\"BreadcrumbList\",\"@id\":\"https:\\\/\\\/miriamcastleweiss.de\\\/business\\\/ueber-mich\\\/#breadcrumb\",\"itemListElement\":[{\"@type\":\"ListItem\",\"position\":1,\"name\":\"Startseite\",\"item\":\"https:\\\/\\\/miriamcastleweiss.de\\\/business\\\/\"},{\"@type\":\"ListItem\",\"position\":2,\"name\":\"\u00dcber mich\"}]},{\"@type\":\"WebSite\",\"@id\":\"https:\\\/\\\/miriamcastleweiss.de\\\/business\\\/#website\",\"url\":\"https:\\\/\\\/miriamcastleweiss.de\\\/business\\\/\",\"name\":\"Businessfotografie Wiesbaden\",\"description\":\"Businessbilder mit Geschichte\",\"publisher\":{\"@id\":\"https:\\\/\\\/miriamcastleweiss.de\\\/business\\\/#\\\/schema\\\/person\\\/d01a7d24adce76fe0deb0b88233ce758\"},\"potentialAction\":[{\"@type\":\"SearchAction\",\"target\":{\"@type\":\"EntryPoint\",\"urlTemplate\":\"https:\\\/\\\/miriamcastleweiss.de\\\/business\\\/?s={search_term_string}\"},\"query-input\":{\"@type\":\"PropertyValueSpecification\",\"valueRequired\":true,\"valueName\":\"search_term_string\"}}],\"inLanguage\":\"de\"},{\"@type\":[\"Person\",\"Organization\"],\"@id\":\"https:\\\/\\\/miriamcastleweiss.de\\\/business\\\/#\\\/schema\\\/person\\\/d01a7d24adce76fe0deb0b88233ce758\",\"name\":\"Miriam\",\"image\":{\"@type\":\"ImageObject\",\"inLanguage\":\"de\",\"@id\":\"https:\\\/\\\/miriamcastleweiss.de\\\/business\\\/wp-content\\\/uploads\\\/2021\\\/10\\\/MCW_Logodesign_RGB_Hochformat-scaled.jpg\",\"url\":\"https:\\\/\\\/miriamcastleweiss.de\\\/business\\\/wp-content\\\/uploads\\\/2021\\\/10\\\/MCW_Logodesign_RGB_Hochformat-scaled.jpg\",\"contentUrl\":\"https:\\\/\\\/miriamcastleweiss.de\\\/business\\\/wp-content\\\/uploads\\\/2021\\\/10\\\/MCW_Logodesign_RGB_Hochformat-scaled.jpg\",\"width\":2560,\"height\":1654,\"caption\":\"Miriam\"},\"logo\":{\"@id\":\"https:\\\/\\\/miriamcastleweiss.de\\\/business\\\/wp-content\\\/uploads\\\/2021\\\/10\\\/MCW_Logodesign_RGB_Hochformat-scaled.jpg\"},\"sameAs\":[\"https:\\\/\\\/miriamcastleweiss.de\\\/business\",\"https:\\\/\\\/www.facebook.com\\\/miriamcastleweiss.fotografie\",\"https:\\\/\\\/www.instagram.com\\\/miriamcastleweiss.fotografie\",\"https:\\\/\\\/www.linkedin.com\\\/in\\\/miriam-castle-weiss-568b9b214\\\/\"]}]}<\/script>\n<!-- \/ Yoast SEO plugin. -->","yoast_head_json":{"title":"Wie ich arbeite: Businessfotografin Rhein-Main |Miriam Castle-Weiss","description":"Ich fotografiere Business dort, wo Arbeit passiert \u2013 klar geplant, ruhig beobachtet, dokumentarisch umgesetzt als Businessfotografin im Rhein","robots":{"index":"index","follow":"follow","max-snippet":"max-snippet:-1","max-image-preview":"max-image-preview:large","max-video-preview":"max-video-preview:-1"},"canonical":"https:\/\/miriamcastleweiss.de\/business\/ueber-mich\/","og_locale":"de_DE","og_type":"article","og_title":"Wie ich arbeite: Businessfotografin Rhein-Main |Miriam Castle-Weiss","og_description":"Ich fotografiere Business dort, wo Arbeit passiert \u2013 klar geplant, ruhig beobachtet, dokumentarisch umgesetzt als Businessfotografin im Rhein","og_url":"https:\/\/miriamcastleweiss.de\/business\/ueber-mich\/","og_site_name":"Businessfotografie Wiesbaden","article_publisher":"https:\/\/www.facebook.com\/miriamcastleweiss.fotografie","article_modified_time":"2026-01-27T15:18:43+00:00","og_image":[{"width":1375,"height":915,"url":"https:\/\/miriamcastleweiss.de\/business\/wp-content\/uploads\/2025\/12\/230322_0215-web.jpg","type":"image\/jpeg"}],"twitter_card":"summary_large_image","twitter_misc":{"Gesch\u00e4tzte Lesezeit":"7\u00a0Minuten"},"schema":{"@context":"https:\/\/schema.org","@graph":[{"@type":"WebPage","@id":"https:\/\/miriamcastleweiss.de\/business\/ueber-mich\/","url":"https:\/\/miriamcastleweiss.de\/business\/ueber-mich\/","name":"Wie ich arbeite: Businessfotografin Rhein-Main |Miriam Castle-Weiss","isPartOf":{"@id":"https:\/\/miriamcastleweiss.de\/business\/#website"},"primaryImageOfPage":{"@id":"https:\/\/miriamcastleweiss.de\/business\/ueber-mich\/#primaryimage"},"image":{"@id":"https:\/\/miriamcastleweiss.de\/business\/ueber-mich\/#primaryimage"},"thumbnailUrl":"https:\/\/miriamcastleweiss.de\/business\/wp-content\/uploads\/2025\/12\/230322_0215-web.jpg","datePublished":"2026-01-07T20:00:18+00:00","dateModified":"2026-01-27T15:18:43+00:00","description":"Ich fotografiere Business dort, wo Arbeit passiert \u2013 klar geplant, ruhig beobachtet, dokumentarisch umgesetzt als Businessfotografin im Rhein","breadcrumb":{"@id":"https:\/\/miriamcastleweiss.de\/business\/ueber-mich\/#breadcrumb"},"inLanguage":"de","potentialAction":[{"@type":"ReadAction","target":["https:\/\/miriamcastleweiss.de\/business\/ueber-mich\/"]}]},{"@type":"ImageObject","inLanguage":"de","@id":"https:\/\/miriamcastleweiss.de\/business\/ueber-mich\/#primaryimage","url":"https:\/\/miriamcastleweiss.de\/business\/wp-content\/uploads\/2025\/12\/230322_0215-web.jpg","contentUrl":"https:\/\/miriamcastleweiss.de\/business\/wp-content\/uploads\/2025\/12\/230322_0215-web.jpg","width":1375,"height":915,"caption":"Miriam Castle-Weiss im Arbeitsalltag vor Ort bei einem Unternehmen"},{"@type":"BreadcrumbList","@id":"https:\/\/miriamcastleweiss.de\/business\/ueber-mich\/#breadcrumb","itemListElement":[{"@type":"ListItem","position":1,"name":"Startseite","item":"https:\/\/miriamcastleweiss.de\/business\/"},{"@type":"ListItem","position":2,"name":"\u00dcber mich"}]},{"@type":"WebSite","@id":"https:\/\/miriamcastleweiss.de\/business\/#website","url":"https:\/\/miriamcastleweiss.de\/business\/","name":"Businessfotografie Wiesbaden","description":"Businessbilder mit Geschichte","publisher":{"@id":"https:\/\/miriamcastleweiss.de\/business\/#\/schema\/person\/d01a7d24adce76fe0deb0b88233ce758"},"potentialAction":[{"@type":"SearchAction","target":{"@type":"EntryPoint","urlTemplate":"https:\/\/miriamcastleweiss.de\/business\/?s={search_term_string}"},"query-input":{"@type":"PropertyValueSpecification","valueRequired":true,"valueName":"search_term_string"}}],"inLanguage":"de"},{"@type":["Person","Organization"],"@id":"https:\/\/miriamcastleweiss.de\/business\/#\/schema\/person\/d01a7d24adce76fe0deb0b88233ce758","name":"Miriam","image":{"@type":"ImageObject","inLanguage":"de","@id":"https:\/\/miriamcastleweiss.de\/business\/wp-content\/uploads\/2021\/10\/MCW_Logodesign_RGB_Hochformat-scaled.jpg","url":"https:\/\/miriamcastleweiss.de\/business\/wp-content\/uploads\/2021\/10\/MCW_Logodesign_RGB_Hochformat-scaled.jpg","contentUrl":"https:\/\/miriamcastleweiss.de\/business\/wp-content\/uploads\/2021\/10\/MCW_Logodesign_RGB_Hochformat-scaled.jpg","width":2560,"height":1654,"caption":"Miriam"},"logo":{"@id":"https:\/\/miriamcastleweiss.de\/business\/wp-content\/uploads\/2021\/10\/MCW_Logodesign_RGB_Hochformat-scaled.jpg"},"sameAs":["https:\/\/miriamcastleweiss.de\/business","https:\/\/www.facebook.com\/miriamcastleweiss.fotografie","https:\/\/www.instagram.com\/miriamcastleweiss.fotografie","https:\/\/www.linkedin.com\/in\/miriam-castle-weiss-568b9b214\/"]}]}},"_links":{"self":[{"href":"https:\/\/miriamcastleweiss.de\/business\/wp-json\/wp\/v2\/pages\/3193","targetHints":{"allow":["GET"]}}],"collection":[{"href":"https:\/\/miriamcastleweiss.de\/business\/wp-json\/wp\/v2\/pages"}],"about":[{"href":"https:\/\/miriamcastleweiss.de\/business\/wp-json\/wp\/v2\/types\/page"}],"author":[{"embeddable":true,"href":"https:\/\/miriamcastleweiss.de\/business\/wp-json\/wp\/v2\/users\/1"}],"replies":[{"embeddable":true,"href":"https:\/\/miriamcastleweiss.de\/business\/wp-json\/wp\/v2\/comments?post=3193"}],"version-history":[{"count":100,"href":"https:\/\/miriamcastleweiss.de\/business\/wp-json\/wp\/v2\/pages\/3193\/revisions"}],"predecessor-version":[{"id":3394,"href":"https:\/\/miriamcastleweiss.de\/business\/wp-json\/wp\/v2\/pages\/3193\/revisions\/3394"}],"wp:attachment":[{"href":"https:\/\/miriamcastleweiss.de\/business\/wp-json\/wp\/v2\/media?parent=3193"}],"curies":[{"name":"wp","href":"https:\/\/api.w.org\/{rel}","templated":true}]}}