{"id":2339,"date":"2022-03-08T22:31:05","date_gmt":"2022-03-08T21:31:05","guid":{"rendered":"https:\/\/miriamcastleweiss.de\/familie\/?page_id=2339"},"modified":"2023-07-04T20:13:35","modified_gmt":"2023-07-04T18:13:35","slug":"familienfotografie-wiesbaden","status":"publish","type":"page","link":"https:\/\/miriamcastleweiss.de\/familie\/familienfotografie-wiesbaden\/","title":{"rendered":"Familienfotografie-Wiesbaden"},"content":{"rendered":"\t\t<div data-elementor-type=\"wp-page\" data-elementor-id=\"2339\" class=\"elementor elementor-2339\" data-elementor-post-type=\"page\">\n\t\t\t\t\t\t<section class=\"elementor-section elementor-top-section elementor-element elementor-element-f82edc6 elementor-section-full_width elementor-section-height-default elementor-section-height-default\" data-id=\"f82edc6\" data-element_type=\"section\" data-e-type=\"section\">\n\t\t\t\t\t\t<div class=\"elementor-container elementor-column-gap-no\">\n\t\t\t\t\t<div class=\"elementor-column elementor-col-100 elementor-top-column elementor-element elementor-element-4621b46\" data-id=\"4621b46\" data-element_type=\"column\" data-e-type=\"column\">\n\t\t\t<div class=\"elementor-widget-wrap elementor-element-populated\">\n\t\t\t\t\t\t<div class=\"elementor-element elementor-element-10eeb01 elementor-widget elementor-widget-video\" data-id=\"10eeb01\" data-element_type=\"widget\" data-e-type=\"widget\" data-settings=\"{&quot;youtube_url&quot;:&quot;https:\\\/\\\/youtu.be\\\/NsvgFDpWCls&quot;,&quot;video_type&quot;:&quot;youtube&quot;,&quot;controls&quot;:&quot;yes&quot;}\" data-widget_type=\"video.default\">\n\t\t\t\t<div class=\"elementor-widget-container\">\n\t\t\t\t\t\t\t<div class=\"elementor-wrapper elementor-open-inline\">\n\t\t\t<div class=\"elementor-video\"><\/div>\t\t<\/div>\n\t\t\t\t\t\t<\/div>\n\t\t\t\t<\/div>\n\t\t\t\t\t<\/div>\n\t\t<\/div>\n\t\t\t\t\t<\/div>\n\t\t<\/section>\n\t\t\t\t<section class=\"elementor-section elementor-top-section elementor-element elementor-element-b0f6cf4 elementor-section-boxed elementor-section-height-default elementor-section-height-default\" data-id=\"b0f6cf4\" data-element_type=\"section\" data-e-type=\"section\">\n\t\t\t\t\t\t<div class=\"elementor-container elementor-column-gap-default\">\n\t\t\t\t\t<div class=\"elementor-column elementor-col-100 elementor-top-column elementor-element elementor-element-6e0c8be\" data-id=\"6e0c8be\" data-element_type=\"column\" data-e-type=\"column\">\n\t\t\t<div class=\"elementor-widget-wrap elementor-element-populated\">\n\t\t\t\t\t\t<div class=\"elementor-element elementor-element-477b7af elementor-widget elementor-widget-heading\" data-id=\"477b7af\" data-element_type=\"widget\" data-e-type=\"widget\" data-widget_type=\"heading.default\">\n\t\t\t\t<div class=\"elementor-widget-container\">\n\t\t\t\t\t<h1 class=\"elementor-heading-title elementor-size-default\">Familienfotograf Wiesbaden<\/h1>\t\t\t\t<\/div>\n\t\t\t\t<\/div>\n\t\t\t\t<div class=\"elementor-element elementor-element-6a0d7ac elementor-widget elementor-widget-spacer\" data-id=\"6a0d7ac\" data-element_type=\"widget\" data-e-type=\"widget\" data-widget_type=\"spacer.default\">\n\t\t\t\t<div class=\"elementor-widget-container\">\n\t\t\t\t\t\t\t<div class=\"elementor-spacer\">\n\t\t\t<div class=\"elementor-spacer-inner\"><\/div>\n\t\t<\/div>\n\t\t\t\t\t\t<\/div>\n\t\t\t\t<\/div>\n\t\t\t\t\t<\/div>\n\t\t<\/div>\n\t\t\t\t\t<\/div>\n\t\t<\/section>\n\t\t\t\t<section class=\"elementor-section elementor-top-section elementor-element elementor-element-e524edf elementor-section-boxed elementor-section-height-default elementor-section-height-default\" data-id=\"e524edf\" data-element_type=\"section\" data-e-type=\"section\">\n\t\t\t\t\t\t<div class=\"elementor-container elementor-column-gap-default\">\n\t\t\t\t\t<div class=\"elementor-column elementor-col-100 elementor-top-column elementor-element elementor-element-c5cae47\" data-id=\"c5cae47\" data-element_type=\"column\" data-e-type=\"column\">\n\t\t\t<div class=\"elementor-widget-wrap elementor-element-populated\">\n\t\t\t\t\t\t<div class=\"elementor-element elementor-element-4310251 elementor-widget elementor-widget-heading\" data-id=\"4310251\" data-element_type=\"widget\" data-e-type=\"widget\" data-widget_type=\"heading.default\">\n\t\t\t\t<div class=\"elementor-widget-container\">\n\t\t\t\t\t<h2 class=\"elementor-heading-title elementor-size-default\">Kann man Liebe in den H\u00e4nden halten?<\/h2>\t\t\t\t<\/div>\n\t\t\t\t<\/div>\n\t\t\t\t<div class=\"elementor-element elementor-element-59f8802 elementor-widget elementor-widget-text-editor\" data-id=\"59f8802\" data-element_type=\"widget\" data-e-type=\"widget\" data-widget_type=\"text-editor.default\">\n\t\t\t\t<div class=\"elementor-widget-container\">\n\t\t\t\t\t\t\t\t\t<div class=\"page\" title=\"Page 3\"><div class=\"layoutArea\"><div class=\"column\"><div class=\"page\" title=\"Page 1\"><div class=\"layoutArea\"><div class=\"column\"><p>Ja, das kann man. Davon bin ich u\u0308berzeugt und das ist genau das, was ich mit meinen Familienfotos fu\u0308r euch erreichen mo\u0308chte: lebenslange und starke Erinnerungen an Herzensmenschen.<\/p><p>Denn egal, ob ein Familienmitglied geboren wird, ein Angeho\u0308riger weit weg wohnt oder man einen geliebten Menschen loslassen muss: Bilder erza\u0308hlen Geschichten! Eure Geschichten \u2013 von eurem Familienalltag, euren individuellen Eigenarten, Macken und besonderen Ritualen.<\/p><\/div><\/div><\/div><\/div><\/div><\/div>\t\t\t\t\t\t\t\t<\/div>\n\t\t\t\t<\/div>\n\t\t\t\t\t<\/div>\n\t\t<\/div>\n\t\t\t\t\t<\/div>\n\t\t<\/section>\n\t\t\t\t<section class=\"elementor-section elementor-top-section elementor-element elementor-element-07eb69f elementor-section-boxed elementor-section-height-default elementor-section-height-default\" data-id=\"07eb69f\" data-element_type=\"section\" data-e-type=\"section\">\n\t\t\t\t\t\t<div class=\"elementor-container elementor-column-gap-default\">\n\t\t\t\t\t<div class=\"elementor-column elementor-col-100 elementor-top-column elementor-element elementor-element-d0eb8c3\" data-id=\"d0eb8c3\" data-element_type=\"column\" data-e-type=\"column\">\n\t\t\t<div class=\"elementor-widget-wrap elementor-element-populated\">\n\t\t\t\t\t\t\t<\/div>\n\t\t<\/div>\n\t\t\t\t\t<\/div>\n\t\t<\/section>\n\t\t\t\t<section class=\"elementor-section elementor-top-section elementor-element elementor-element-708a5f0 elementor-section-boxed elementor-section-height-default elementor-section-height-default\" data-id=\"708a5f0\" data-element_type=\"section\" data-e-type=\"section\">\n\t\t\t\t\t\t<div class=\"elementor-container elementor-column-gap-default\">\n\t\t\t\t\t<div class=\"elementor-column elementor-col-100 elementor-top-column elementor-element elementor-element-4f5adbe\" data-id=\"4f5adbe\" data-element_type=\"column\" data-e-type=\"column\">\n\t\t\t<div class=\"elementor-widget-wrap elementor-element-populated\">\n\t\t\t\t\t\t<div class=\"elementor-element elementor-element-769e340 elementor-widget elementor-widget-image\" data-id=\"769e340\" data-element_type=\"widget\" data-e-type=\"widget\" data-widget_type=\"image.default\">\n\t\t\t\t<div class=\"elementor-widget-container\">\n\t\t\t\t\t\t\t\t\t\t\t\t\t\t\t<img fetchpriority=\"high\" decoding=\"async\" width=\"1800\" height=\"1084\" src=\"https:\/\/miriamcastleweiss.de\/familie\/wp-content\/uploads\/2022\/12\/22-09-17-11-00-24c-Bearbeitet-scaled-e1671826865751.jpg\" class=\"attachment-full size-full wp-image-3179\" alt=\"\" srcset=\"https:\/\/miriamcastleweiss.de\/familie\/wp-content\/uploads\/2022\/12\/22-09-17-11-00-24c-Bearbeitet-scaled-e1671826865751.jpg 1800w, https:\/\/miriamcastleweiss.de\/familie\/wp-content\/uploads\/2022\/12\/22-09-17-11-00-24c-Bearbeitet-scaled-e1671826865751-300x181.jpg 300w, https:\/\/miriamcastleweiss.de\/familie\/wp-content\/uploads\/2022\/12\/22-09-17-11-00-24c-Bearbeitet-scaled-e1671826865751-1024x617.jpg 1024w, https:\/\/miriamcastleweiss.de\/familie\/wp-content\/uploads\/2022\/12\/22-09-17-11-00-24c-Bearbeitet-scaled-e1671826865751-1536x925.jpg 1536w\" sizes=\"(max-width: 1800px) 100vw, 1800px\" \/>\t\t\t\t\t\t\t\t\t\t\t\t\t\t\t<\/div>\n\t\t\t\t<\/div>\n\t\t\t\t\t<\/div>\n\t\t<\/div>\n\t\t\t\t\t<\/div>\n\t\t<\/section>\n\t\t\t\t<section class=\"elementor-section elementor-top-section elementor-element elementor-element-a10aa96 elementor-section-boxed elementor-section-height-default elementor-section-height-default\" data-id=\"a10aa96\" data-element_type=\"section\" data-e-type=\"section\">\n\t\t\t\t\t\t<div class=\"elementor-container elementor-column-gap-default\">\n\t\t\t\t\t<div class=\"elementor-column elementor-col-100 elementor-top-column elementor-element elementor-element-1fda950\" data-id=\"1fda950\" data-element_type=\"column\" data-e-type=\"column\">\n\t\t\t<div class=\"elementor-widget-wrap elementor-element-populated\">\n\t\t\t\t\t\t<div class=\"elementor-element elementor-element-36c2d1e elementor-widget elementor-widget-heading\" data-id=\"36c2d1e\" data-element_type=\"widget\" data-e-type=\"widget\" data-widget_type=\"heading.default\">\n\t\t\t\t<div class=\"elementor-widget-container\">\n\t\t\t\t\t<h2 class=\"elementor-heading-title elementor-size-default\">Jetzt lach doch mal!<\/h2>\t\t\t\t<\/div>\n\t\t\t\t<\/div>\n\t\t\t\t<div class=\"elementor-element elementor-element-5ad3311 elementor-widget elementor-widget-text-editor\" data-id=\"5ad3311\" data-element_type=\"widget\" data-e-type=\"widget\" data-widget_type=\"text-editor.default\">\n\t\t\t\t<div class=\"elementor-widget-container\">\n\t\t\t\t\t\t\t\t\t<p style=\"font-weight: 400;\">Diesen Satz wirst du von mir nie h\u00f6ren. Und auch inszenierte Fotos im gestylten Pinterest-Look wirst du von mir nicht erhalten.<\/p><p style=\"font-weight: 400;\">Daf\u00fcr ECHTE und emotionale Bilder. Denn ich fotografiere euch ungestellt und ungeschminkt.<\/p><p style=\"font-weight: 400;\">In meinen Fotoshootings ist viel Bewegung drin. Egal, ob Spielen, Kuscheln oder mit dem Familienhund herumtollen: Ich begleite euch mit der Kamera im aktiven Familienalltag. In besonderen Familien-Momenten.<\/p><p style=\"font-weight: 400;\">Denn wenn ihr euch bewegt, seid ihr ihr selbst. Wenn euer Fokus auf der Familie liegt, seid ihr Gedanken bei dem, was ihr tut. Und so entstehen wundersch\u00f6ne und ECHTE Bilder von eurer Familie.<\/p><p style=\"font-weight: 400;\">Meine Art der Fotografie ist Geschichten erz\u00e4hlend. Und dahingehend m\u00f6chte ich die Fotografie revolutionieren. Ich m\u00f6chte, dass wir wegkommen von den Fotos, wo direkt in die Kamera geguckt wird. Weg von gestellten Bildern. Hin zum echten Leben.<\/p>\t\t\t\t\t\t\t\t<\/div>\n\t\t\t\t<\/div>\n\t\t\t\t\t<\/div>\n\t\t<\/div>\n\t\t\t\t\t<\/div>\n\t\t<\/section>\n\t\t\t\t<section class=\"elementor-section elementor-top-section elementor-element elementor-element-45f5936 elementor-section-boxed elementor-section-height-default elementor-section-height-default\" data-id=\"45f5936\" data-element_type=\"section\" data-e-type=\"section\">\n\t\t\t\t\t\t<div class=\"elementor-container elementor-column-gap-default\">\n\t\t\t\t\t<div class=\"elementor-column elementor-col-100 elementor-top-column elementor-element elementor-element-b2027b3\" data-id=\"b2027b3\" data-element_type=\"column\" data-e-type=\"column\">\n\t\t\t<div class=\"elementor-widget-wrap elementor-element-populated\">\n\t\t\t\t\t\t<div class=\"elementor-element elementor-element-3832615 elementor-widget elementor-widget-heading\" data-id=\"3832615\" data-element_type=\"widget\" data-e-type=\"widget\" data-widget_type=\"heading.default\">\n\t\t\t\t<div class=\"elementor-widget-container\">\n\t\t\t\t\t<h2 class=\"elementor-heading-title elementor-size-default\">Familienfotos in Wiesbaden, dem Taunus oder Eppstein<\/h2>\t\t\t\t<\/div>\n\t\t\t\t<\/div>\n\t\t\t\t<div class=\"elementor-element elementor-element-b485e19 elementor-widget elementor-widget-text-editor\" data-id=\"b485e19\" data-element_type=\"widget\" data-e-type=\"widget\" data-widget_type=\"text-editor.default\">\n\t\t\t\t<div class=\"elementor-widget-container\">\n\t\t\t\t\t\t\t\t\t<div class=\"page\" title=\"Page 1\"><div class=\"layoutArea\"><div class=\"column\"><div class=\"page\" title=\"Page 1\"><div class=\"layoutArea\"><div class=\"column\"><p>Bei meinen Familienreportagen begleite ich euch in eurem ganz normalen Alltag.<\/p><p>Mit meiner Kamera bin ich unsichtbarer Gast und fange Momente, Personen und Gesten ein. Meine Bilder zeigen euch so, wie ihr seid. Es wird nichts inszeniert und keine ku\u0308nstlichen Kulissen aufgebaut.<\/p><p>Denn es gibt so viele kleine Details, die einen Menschen ausmachen und die ich mit meinen Fotos festhalte.<\/p><p>Seid ihr am Wochenende Langschl\u00e4fer und kuschelt noch eine Weile im Bett? Tra\u0308gt der Papa gern seine Lieblingsschu\u0308rze, wenn er kocht?\u00a0Oder geht ihr mit eurem Hund eine Gassi-Runde und freut euch u\u0308ber den scho\u0308nen Ort, an dem ihr lebt?\u00a0<\/p><\/div><\/div><\/div><\/div><\/div><\/div>\t\t\t\t\t\t\t\t<\/div>\n\t\t\t\t<\/div>\n\t\t\t\t\t<\/div>\n\t\t<\/div>\n\t\t\t\t\t<\/div>\n\t\t<\/section>\n\t\t\t\t<section class=\"elementor-section elementor-top-section elementor-element elementor-element-3b57e86 elementor-section-boxed elementor-section-height-default elementor-section-height-default\" data-id=\"3b57e86\" data-element_type=\"section\" data-e-type=\"section\">\n\t\t\t\t\t\t<div class=\"elementor-container elementor-column-gap-default\">\n\t\t\t\t\t<div class=\"elementor-column elementor-col-100 elementor-top-column elementor-element elementor-element-d0b035e\" data-id=\"d0b035e\" data-element_type=\"column\" data-e-type=\"column\">\n\t\t\t<div class=\"elementor-widget-wrap elementor-element-populated\">\n\t\t\t\t\t\t<div class=\"elementor-element elementor-element-f419f30 elementor-widget elementor-widget-video\" data-id=\"f419f30\" data-element_type=\"widget\" data-e-type=\"widget\" data-settings=\"{&quot;youtube_url&quot;:&quot;https:\\\/\\\/youtu.be\\\/8x_wYhCyR2w&quot;,&quot;yt_privacy&quot;:&quot;yes&quot;,&quot;lazy_load&quot;:&quot;yes&quot;,&quot;video_type&quot;:&quot;youtube&quot;,&quot;controls&quot;:&quot;yes&quot;}\" data-widget_type=\"video.default\">\n\t\t\t\t<div class=\"elementor-widget-container\">\n\t\t\t\t\t\t\t<div class=\"elementor-wrapper elementor-open-inline\">\n\t\t\t<div class=\"elementor-video\"><\/div>\t\t<\/div>\n\t\t\t\t\t\t<\/div>\n\t\t\t\t<\/div>\n\t\t\t\t\t<\/div>\n\t\t<\/div>\n\t\t\t\t\t<\/div>\n\t\t<\/section>\n\t\t\t\t<section class=\"elementor-section elementor-top-section elementor-element elementor-element-64c130a elementor-section-boxed elementor-section-height-default elementor-section-height-default\" data-id=\"64c130a\" data-element_type=\"section\" data-e-type=\"section\">\n\t\t\t\t\t\t<div class=\"elementor-container elementor-column-gap-default\">\n\t\t\t\t\t<div class=\"elementor-column elementor-col-100 elementor-top-column elementor-element elementor-element-758b9e1\" data-id=\"758b9e1\" data-element_type=\"column\" data-e-type=\"column\">\n\t\t\t<div class=\"elementor-widget-wrap elementor-element-populated\">\n\t\t\t\t\t\t<div class=\"elementor-element elementor-element-519e151 elementor-widget elementor-widget-heading\" data-id=\"519e151\" data-element_type=\"widget\" data-e-type=\"widget\" data-widget_type=\"heading.default\">\n\t\t\t\t<div class=\"elementor-widget-container\">\n\t\t\t\t\t<h2 class=\"elementor-heading-title elementor-size-default\">Unbezahlbar:<br>Generationenfotos mit den Grosseltern<\/h2>\t\t\t\t<\/div>\n\t\t\t\t<\/div>\n\t\t\t\t<div class=\"elementor-element elementor-element-cacfa89 elementor-widget elementor-widget-heading\" data-id=\"cacfa89\" data-element_type=\"widget\" data-e-type=\"widget\" data-widget_type=\"heading.default\">\n\t\t\t\t<div class=\"elementor-widget-container\">\n\t\t\t\t\t<h3 class=\"elementor-heading-title elementor-size-default\">Was schenkt man denen, die schon alles haben?<\/h3>\t\t\t\t<\/div>\n\t\t\t\t<\/div>\n\t\t\t\t<div class=\"elementor-element elementor-element-9ac1718 elementor-widget elementor-widget-text-editor\" data-id=\"9ac1718\" data-element_type=\"widget\" data-e-type=\"widget\" data-widget_type=\"text-editor.default\">\n\t\t\t\t<div class=\"elementor-widget-container\">\n\t\t\t\t\t\t\t\t\t<p style=\"font-weight: 400;\"><span style=\"color: var( --e-global-color-text ); font-family: var( --e-global-typography-text-font-family ), Sans-serif; font-size: var( --e-global-typography-text-font-size );\">Umso \u00e4lter Menschen werden, umso mehr nehmen sie sich zur\u00fcck. Sie \u00fcberlassen die B\u00fchne des Lebens meist ihren Kindern und Enkelkindern. Sie freuen sich, wenn es ihnen gutgeht, und genie\u00dfen die Zeit den Kleinen.<\/span><br><\/p>\n<p style=\"font-weight: 400;\">\n<\/p><p style=\"font-weight: 400;\">Sich selbst fotografieren sie wenig oder gar nicht mehr. Weil sie das nicht mehr wichtig finden. Weil sie ihre Falten und Altersflecken nicht m\u00f6gen. Doch welches Foto zeigst du deinen Kindern, wenn sie nach einem Bild von Oma &amp; Opa fragen?<\/p>\n<p style=\"font-weight: 400;\">\n<\/p><p style=\"font-weight: 400;\">Ein Gro\u00dfeltern-Shooting ist das perfekte und pers\u00f6nlichste Geschenk, dass du Oma und Opa machen kannst. Denn damit schaffst du Erinnerungen f\u00fcr beide Generationen.<\/p>\t\t\t\t\t\t\t\t<\/div>\n\t\t\t\t<\/div>\n\t\t\t\t<div class=\"elementor-element elementor-element-563f992 elementor-align-center elementor-widget elementor-widget-button\" data-id=\"563f992\" data-element_type=\"widget\" data-e-type=\"widget\" data-widget_type=\"button.default\">\n\t\t\t\t<div class=\"elementor-widget-container\">\n\t\t\t\t\t\t\t\t\t<div class=\"elementor-button-wrapper\">\n\t\t\t\t\t<a class=\"elementor-button elementor-button-link elementor-size-sm\" href=\"https:\/\/miriamcastleweiss.de\/familie\/kontakt\">\n\t\t\t\t\t\t<span class=\"elementor-button-content-wrapper\">\n\t\t\t\t\t\t\t\t\t<span class=\"elementor-button-text\">Buche eine Oma &amp; Opa Shooting<\/span>\n\t\t\t\t\t<\/span>\n\t\t\t\t\t<\/a>\n\t\t\t\t<\/div>\n\t\t\t\t\t\t\t\t<\/div>\n\t\t\t\t<\/div>\n\t\t\t\t\t<\/div>\n\t\t<\/div>\n\t\t\t\t\t<\/div>\n\t\t<\/section>\n\t\t\t\t<section class=\"elementor-section elementor-top-section elementor-element elementor-element-fb74e21 elementor-section-boxed elementor-section-height-default elementor-section-height-default\" data-id=\"fb74e21\" data-element_type=\"section\" data-e-type=\"section\">\n\t\t\t\t\t\t<div class=\"elementor-container elementor-column-gap-default\">\n\t\t\t\t\t<div class=\"elementor-column elementor-col-33 elementor-top-column elementor-element elementor-element-c6eaf5e\" data-id=\"c6eaf5e\" data-element_type=\"column\" data-e-type=\"column\">\n\t\t\t<div class=\"elementor-widget-wrap elementor-element-populated\">\n\t\t\t\t\t\t<div class=\"elementor-element elementor-element-38a0962 elementor-widget elementor-widget-image\" data-id=\"38a0962\" data-element_type=\"widget\" data-e-type=\"widget\" data-widget_type=\"image.default\">\n\t\t\t\t<div class=\"elementor-widget-container\">\n\t\t\t\t\t\t\t\t\t\t\t\t\t\t\t<img decoding=\"async\" width=\"800\" height=\"534\" src=\"https:\/\/miriamcastleweiss.de\/familie\/wp-content\/uploads\/2022\/03\/Familienfotos-Wiesbaden-Miriam-Castle-Weiss-1024x683.jpg\" class=\"attachment-large size-large wp-image-2677\" alt=\"Familienfotos Wiesbaden Miriam Castle-Weiss\" srcset=\"https:\/\/miriamcastleweiss.de\/familie\/wp-content\/uploads\/2022\/03\/Familienfotos-Wiesbaden-Miriam-Castle-Weiss-1024x683.jpg 1024w, https:\/\/miriamcastleweiss.de\/familie\/wp-content\/uploads\/2022\/03\/Familienfotos-Wiesbaden-Miriam-Castle-Weiss-300x200.jpg 300w, https:\/\/miriamcastleweiss.de\/familie\/wp-content\/uploads\/2022\/03\/Familienfotos-Wiesbaden-Miriam-Castle-Weiss.jpg 1200w\" sizes=\"(max-width: 800px) 100vw, 800px\" \/>\t\t\t\t\t\t\t\t\t\t\t\t\t\t\t<\/div>\n\t\t\t\t<\/div>\n\t\t\t\t<div class=\"elementor-element elementor-element-0d0bb39 elementor-widget elementor-widget-image\" data-id=\"0d0bb39\" data-element_type=\"widget\" data-e-type=\"widget\" data-widget_type=\"image.default\">\n\t\t\t\t<div class=\"elementor-widget-container\">\n\t\t\t\t\t\t\t\t\t\t\t\t\t\t\t<img decoding=\"async\" width=\"800\" height=\"534\" src=\"https:\/\/miriamcastleweiss.de\/familie\/wp-content\/uploads\/2022\/03\/Familienfotos-Wiesbaden-Miriam-1024x683.jpg\" class=\"attachment-large size-large wp-image-2683\" alt=\"Familienfotos Wiesbaden Miriam\" srcset=\"https:\/\/miriamcastleweiss.de\/familie\/wp-content\/uploads\/2022\/03\/Familienfotos-Wiesbaden-Miriam-1024x683.jpg 1024w, https:\/\/miriamcastleweiss.de\/familie\/wp-content\/uploads\/2022\/03\/Familienfotos-Wiesbaden-Miriam-300x200.jpg 300w, https:\/\/miriamcastleweiss.de\/familie\/wp-content\/uploads\/2022\/03\/Familienfotos-Wiesbaden-Miriam.jpg 1200w\" sizes=\"(max-width: 800px) 100vw, 800px\" \/>\t\t\t\t\t\t\t\t\t\t\t\t\t\t\t<\/div>\n\t\t\t\t<\/div>\n\t\t\t\t<div class=\"elementor-element elementor-element-fe9e1f0 elementor-hidden-tablet elementor-hidden-mobile elementor-widget elementor-widget-image\" data-id=\"fe9e1f0\" data-element_type=\"widget\" data-e-type=\"widget\" data-widget_type=\"image.default\">\n\t\t\t\t<div class=\"elementor-widget-container\">\n\t\t\t\t\t\t\t\t\t\t\t\t\t\t\t<img loading=\"lazy\" decoding=\"async\" width=\"667\" height=\"1000\" src=\"https:\/\/miriamcastleweiss.de\/familie\/wp-content\/uploads\/2022\/03\/Kinderfotos-Wiesbaden-Miriam-Castle-Weiss.jpg\" class=\"attachment-large size-large wp-image-2672\" alt=\"Kinderfotos Wiesbaden Miriam Castle-Weiss\" srcset=\"https:\/\/miriamcastleweiss.de\/familie\/wp-content\/uploads\/2022\/03\/Kinderfotos-Wiesbaden-Miriam-Castle-Weiss.jpg 667w, https:\/\/miriamcastleweiss.de\/familie\/wp-content\/uploads\/2022\/03\/Kinderfotos-Wiesbaden-Miriam-Castle-Weiss-200x300.jpg 200w\" sizes=\"(max-width: 667px) 100vw, 667px\" \/>\t\t\t\t\t\t\t\t\t\t\t\t\t\t\t<\/div>\n\t\t\t\t<\/div>\n\t\t\t\t<div class=\"elementor-element elementor-element-e19342d elementor-widget elementor-widget-image\" data-id=\"e19342d\" data-element_type=\"widget\" data-e-type=\"widget\" data-widget_type=\"image.default\">\n\t\t\t\t<div class=\"elementor-widget-container\">\n\t\t\t\t\t\t\t\t\t\t\t\t\t\t\t<img loading=\"lazy\" decoding=\"async\" width=\"800\" height=\"533\" src=\"https:\/\/miriamcastleweiss.de\/familie\/wp-content\/uploads\/2022\/03\/Familienshooting-Wiesbaden-1024x682.jpg\" class=\"attachment-large size-large wp-image-2693\" alt=\"Familienshooting Wiesbaden\" srcset=\"https:\/\/miriamcastleweiss.de\/familie\/wp-content\/uploads\/2022\/03\/Familienshooting-Wiesbaden-1024x682.jpg 1024w, https:\/\/miriamcastleweiss.de\/familie\/wp-content\/uploads\/2022\/03\/Familienshooting-Wiesbaden-300x200.jpg 300w, https:\/\/miriamcastleweiss.de\/familie\/wp-content\/uploads\/2022\/03\/Familienshooting-Wiesbaden-1536x1024.jpg 1536w, https:\/\/miriamcastleweiss.de\/familie\/wp-content\/uploads\/2022\/03\/Familienshooting-Wiesbaden.jpg 1700w\" sizes=\"(max-width: 800px) 100vw, 800px\" \/>\t\t\t\t\t\t\t\t\t\t\t\t\t\t\t<\/div>\n\t\t\t\t<\/div>\n\t\t\t\t<div class=\"elementor-element elementor-element-2238da8 elementor-widget elementor-widget-image\" data-id=\"2238da8\" data-element_type=\"widget\" data-e-type=\"widget\" data-widget_type=\"image.default\">\n\t\t\t\t<div class=\"elementor-widget-container\">\n\t\t\t\t\t\t\t\t\t\t\t\t\t\t\t<img loading=\"lazy\" decoding=\"async\" width=\"800\" height=\"533\" src=\"https:\/\/miriamcastleweiss.de\/familie\/wp-content\/uploads\/2022\/03\/Outdoor-Familienfotos1-1024x682.jpg\" class=\"attachment-large size-large wp-image-2691\" alt=\"Outdoor Familienfotos\" srcset=\"https:\/\/miriamcastleweiss.de\/familie\/wp-content\/uploads\/2022\/03\/Outdoor-Familienfotos1-1024x682.jpg 1024w, https:\/\/miriamcastleweiss.de\/familie\/wp-content\/uploads\/2022\/03\/Outdoor-Familienfotos1-300x200.jpg 300w, https:\/\/miriamcastleweiss.de\/familie\/wp-content\/uploads\/2022\/03\/Outdoor-Familienfotos1-1536x1024.jpg 1536w, https:\/\/miriamcastleweiss.de\/familie\/wp-content\/uploads\/2022\/03\/Outdoor-Familienfotos1.jpg 1700w\" sizes=\"(max-width: 800px) 100vw, 800px\" \/>\t\t\t\t\t\t\t\t\t\t\t\t\t\t\t<\/div>\n\t\t\t\t<\/div>\n\t\t\t\t\t<\/div>\n\t\t<\/div>\n\t\t\t\t<div class=\"elementor-column elementor-col-33 elementor-top-column elementor-element elementor-element-59fef23\" data-id=\"59fef23\" data-element_type=\"column\" data-e-type=\"column\">\n\t\t\t<div class=\"elementor-widget-wrap elementor-element-populated\">\n\t\t\t\t\t\t<div class=\"elementor-element elementor-element-7fd653a elementor-widget elementor-widget-image\" data-id=\"7fd653a\" data-element_type=\"widget\" data-e-type=\"widget\" data-widget_type=\"image.default\">\n\t\t\t\t<div class=\"elementor-widget-container\">\n\t\t\t\t\t\t\t\t\t\t\t\t\t\t\t<img loading=\"lazy\" decoding=\"async\" width=\"800\" height=\"534\" src=\"https:\/\/miriamcastleweiss.de\/familie\/wp-content\/uploads\/2022\/03\/Outdoor-Familienfotos-Miriam-Castle-Weiss-1024x683.jpg\" class=\"attachment-large size-large wp-image-2681\" alt=\"Outdoor Familienfotos Miriam Castle-Weiss\" srcset=\"https:\/\/miriamcastleweiss.de\/familie\/wp-content\/uploads\/2022\/03\/Outdoor-Familienfotos-Miriam-Castle-Weiss-1024x683.jpg 1024w, https:\/\/miriamcastleweiss.de\/familie\/wp-content\/uploads\/2022\/03\/Outdoor-Familienfotos-Miriam-Castle-Weiss-300x200.jpg 300w, https:\/\/miriamcastleweiss.de\/familie\/wp-content\/uploads\/2022\/03\/Outdoor-Familienfotos-Miriam-Castle-Weiss.jpg 1200w\" sizes=\"(max-width: 800px) 100vw, 800px\" \/>\t\t\t\t\t\t\t\t\t\t\t\t\t\t\t<\/div>\n\t\t\t\t<\/div>\n\t\t\t\t<div class=\"elementor-element elementor-element-8426318 elementor-widget elementor-widget-image\" data-id=\"8426318\" data-element_type=\"widget\" data-e-type=\"widget\" data-widget_type=\"image.default\">\n\t\t\t\t<div class=\"elementor-widget-container\">\n\t\t\t\t\t\t\t\t\t\t\t\t\t\t\t<img loading=\"lazy\" decoding=\"async\" width=\"800\" height=\"534\" src=\"https:\/\/miriamcastleweiss.de\/familie\/wp-content\/uploads\/2022\/03\/Familienfotograf-Miriam-Castle-Weiss-1024x683.jpg\" class=\"attachment-large size-large wp-image-2680\" alt=\"Familienfotograf Wiesbaden Miriam Castle-Weiss\" srcset=\"https:\/\/miriamcastleweiss.de\/familie\/wp-content\/uploads\/2022\/03\/Familienfotograf-Miriam-Castle-Weiss-1024x683.jpg 1024w, https:\/\/miriamcastleweiss.de\/familie\/wp-content\/uploads\/2022\/03\/Familienfotograf-Miriam-Castle-Weiss-300x200.jpg 300w, https:\/\/miriamcastleweiss.de\/familie\/wp-content\/uploads\/2022\/03\/Familienfotograf-Miriam-Castle-Weiss.jpg 1200w\" sizes=\"(max-width: 800px) 100vw, 800px\" \/>\t\t\t\t\t\t\t\t\t\t\t\t\t\t\t<\/div>\n\t\t\t\t<\/div>\n\t\t\t\t<div class=\"elementor-element elementor-element-10a0692 elementor-widget elementor-widget-image\" data-id=\"10a0692\" data-element_type=\"widget\" data-e-type=\"widget\" data-widget_type=\"image.default\">\n\t\t\t\t<div class=\"elementor-widget-container\">\n\t\t\t\t\t\t\t\t\t\t\t\t\t\t\t<img loading=\"lazy\" decoding=\"async\" width=\"800\" height=\"534\" src=\"https:\/\/miriamcastleweiss.de\/familie\/wp-content\/uploads\/2022\/03\/Familienfotos-Miriam-Castle-Weiss.jpg\" class=\"attachment-large size-large wp-image-2671\" alt=\"Familienfotos Miriam Castle-Weiss\" srcset=\"https:\/\/miriamcastleweiss.de\/familie\/wp-content\/uploads\/2022\/03\/Familienfotos-Miriam-Castle-Weiss.jpg 1000w, https:\/\/miriamcastleweiss.de\/familie\/wp-content\/uploads\/2022\/03\/Familienfotos-Miriam-Castle-Weiss-300x200.jpg 300w\" sizes=\"(max-width: 800px) 100vw, 800px\" \/>\t\t\t\t\t\t\t\t\t\t\t\t\t\t\t<\/div>\n\t\t\t\t<\/div>\n\t\t\t\t<div class=\"elementor-element elementor-element-bf265db elementor-hidden-tablet elementor-hidden-mobile elementor-widget elementor-widget-image\" data-id=\"bf265db\" data-element_type=\"widget\" data-e-type=\"widget\" data-widget_type=\"image.default\">\n\t\t\t\t<div class=\"elementor-widget-container\">\n\t\t\t\t\t\t\t\t\t\t\t\t\t\t\t<img loading=\"lazy\" decoding=\"async\" width=\"667\" height=\"1000\" src=\"https:\/\/miriamcastleweiss.de\/familie\/wp-content\/uploads\/2022\/03\/Kinderfotograf-Wiesbaden-Miriam-Castle-Weiss.jpg\" class=\"attachment-large size-large wp-image-2673\" alt=\"Kinderfotograf Wiesbaden Miriam Castle-Weiss\" srcset=\"https:\/\/miriamcastleweiss.de\/familie\/wp-content\/uploads\/2022\/03\/Kinderfotograf-Wiesbaden-Miriam-Castle-Weiss.jpg 667w, https:\/\/miriamcastleweiss.de\/familie\/wp-content\/uploads\/2022\/03\/Kinderfotograf-Wiesbaden-Miriam-Castle-Weiss-200x300.jpg 200w\" sizes=\"(max-width: 667px) 100vw, 667px\" \/>\t\t\t\t\t\t\t\t\t\t\t\t\t\t\t<\/div>\n\t\t\t\t<\/div>\n\t\t\t\t<div class=\"elementor-element elementor-element-d3b4aa8 elementor-widget elementor-widget-image\" data-id=\"d3b4aa8\" data-element_type=\"widget\" data-e-type=\"widget\" data-widget_type=\"image.default\">\n\t\t\t\t<div class=\"elementor-widget-container\">\n\t\t\t\t\t\t\t\t\t\t\t\t\t\t\t<img loading=\"lazy\" decoding=\"async\" width=\"800\" height=\"533\" src=\"https:\/\/miriamcastleweiss.de\/familie\/wp-content\/uploads\/2022\/03\/Outdoor-Fotograf-Miriam-Castle-Weiss-1024x682.jpg\" class=\"attachment-large size-large wp-image-2688\" alt=\"Outdoor Fotograf Miriam Castle-Weiss\" srcset=\"https:\/\/miriamcastleweiss.de\/familie\/wp-content\/uploads\/2022\/03\/Outdoor-Fotograf-Miriam-Castle-Weiss-1024x682.jpg 1024w, https:\/\/miriamcastleweiss.de\/familie\/wp-content\/uploads\/2022\/03\/Outdoor-Fotograf-Miriam-Castle-Weiss-300x200.jpg 300w, https:\/\/miriamcastleweiss.de\/familie\/wp-content\/uploads\/2022\/03\/Outdoor-Fotograf-Miriam-Castle-Weiss-1536x1024.jpg 1536w, https:\/\/miriamcastleweiss.de\/familie\/wp-content\/uploads\/2022\/03\/Outdoor-Fotograf-Miriam-Castle-Weiss.jpg 1700w\" sizes=\"(max-width: 800px) 100vw, 800px\" \/>\t\t\t\t\t\t\t\t\t\t\t\t\t\t\t<\/div>\n\t\t\t\t<\/div>\n\t\t\t\t\t<\/div>\n\t\t<\/div>\n\t\t\t\t<div class=\"elementor-column elementor-col-33 elementor-top-column elementor-element elementor-element-e5409b0\" data-id=\"e5409b0\" data-element_type=\"column\" data-e-type=\"column\">\n\t\t\t<div class=\"elementor-widget-wrap elementor-element-populated\">\n\t\t\t\t\t\t<div class=\"elementor-element elementor-element-6428966 elementor-widget elementor-widget-image\" data-id=\"6428966\" data-element_type=\"widget\" data-e-type=\"widget\" data-widget_type=\"image.default\">\n\t\t\t\t<div class=\"elementor-widget-container\">\n\t\t\t\t\t\t\t\t\t\t\t\t\t\t\t<img loading=\"lazy\" decoding=\"async\" width=\"800\" height=\"534\" src=\"https:\/\/miriamcastleweiss.de\/familie\/wp-content\/uploads\/2022\/03\/Familienfotografie-Wiesbaden-Miriam-Castle-Weiss-1024x683.jpg\" class=\"attachment-large size-large wp-image-2678\" alt=\"Familienfotografie Wiesbaden Miriam Castle-Weiss\" srcset=\"https:\/\/miriamcastleweiss.de\/familie\/wp-content\/uploads\/2022\/03\/Familienfotografie-Wiesbaden-Miriam-Castle-Weiss-1024x683.jpg 1024w, https:\/\/miriamcastleweiss.de\/familie\/wp-content\/uploads\/2022\/03\/Familienfotografie-Wiesbaden-Miriam-Castle-Weiss-300x200.jpg 300w, https:\/\/miriamcastleweiss.de\/familie\/wp-content\/uploads\/2022\/03\/Familienfotografie-Wiesbaden-Miriam-Castle-Weiss.jpg 1500w\" sizes=\"(max-width: 800px) 100vw, 800px\" \/>\t\t\t\t\t\t\t\t\t\t\t\t\t\t\t<\/div>\n\t\t\t\t<\/div>\n\t\t\t\t<div class=\"elementor-element elementor-element-398519c elementor-widget elementor-widget-image\" data-id=\"398519c\" data-element_type=\"widget\" data-e-type=\"widget\" data-widget_type=\"image.default\">\n\t\t\t\t<div class=\"elementor-widget-container\">\n\t\t\t\t\t\t\t\t\t\t\t\t\t\t\t<img loading=\"lazy\" decoding=\"async\" width=\"800\" height=\"534\" src=\"https:\/\/miriamcastleweiss.de\/familie\/wp-content\/uploads\/2022\/03\/Familienshooting-Wiesbaden-Miriam-Castle-Weiss-1024x683.jpg\" class=\"attachment-large size-large wp-image-2684\" alt=\"Familienshooting Wiesbaden Miriam Castle-Weiss\" srcset=\"https:\/\/miriamcastleweiss.de\/familie\/wp-content\/uploads\/2022\/03\/Familienshooting-Wiesbaden-Miriam-Castle-Weiss-1024x683.jpg 1024w, https:\/\/miriamcastleweiss.de\/familie\/wp-content\/uploads\/2022\/03\/Familienshooting-Wiesbaden-Miriam-Castle-Weiss-300x200.jpg 300w, https:\/\/miriamcastleweiss.de\/familie\/wp-content\/uploads\/2022\/03\/Familienshooting-Wiesbaden-Miriam-Castle-Weiss.jpg 1200w\" sizes=\"(max-width: 800px) 100vw, 800px\" \/>\t\t\t\t\t\t\t\t\t\t\t\t\t\t\t<\/div>\n\t\t\t\t<\/div>\n\t\t\t\t<div class=\"elementor-element elementor-element-1ce6679 elementor-widget elementor-widget-image\" data-id=\"1ce6679\" data-element_type=\"widget\" data-e-type=\"widget\" data-widget_type=\"image.default\">\n\t\t\t\t<div class=\"elementor-widget-container\">\n\t\t\t\t\t\t\t\t\t\t\t\t\t\t\t<img loading=\"lazy\" decoding=\"async\" width=\"800\" height=\"534\" src=\"https:\/\/miriamcastleweiss.de\/familie\/wp-content\/uploads\/2022\/03\/Familienfotos-Wiesbaden.jpg\" class=\"attachment-large size-large wp-image-2675\" alt=\"Familienfotos Wiesbaden\" srcset=\"https:\/\/miriamcastleweiss.de\/familie\/wp-content\/uploads\/2022\/03\/Familienfotos-Wiesbaden.jpg 1000w, https:\/\/miriamcastleweiss.de\/familie\/wp-content\/uploads\/2022\/03\/Familienfotos-Wiesbaden-300x200.jpg 300w\" sizes=\"(max-width: 800px) 100vw, 800px\" \/>\t\t\t\t\t\t\t\t\t\t\t\t\t\t\t<\/div>\n\t\t\t\t<\/div>\n\t\t\t\t<div class=\"elementor-element elementor-element-6c3c786 elementor-widget elementor-widget-image\" data-id=\"6c3c786\" data-element_type=\"widget\" data-e-type=\"widget\" data-widget_type=\"image.default\">\n\t\t\t\t<div class=\"elementor-widget-container\">\n\t\t\t\t\t\t\t\t\t\t\t\t\t\t\t<img loading=\"lazy\" decoding=\"async\" width=\"800\" height=\"534\" src=\"https:\/\/miriamcastleweiss.de\/familie\/wp-content\/uploads\/2022\/03\/Familienfotografie-Miriam-Castle-Weiss.jpg\" class=\"attachment-large size-large wp-image-2669\" alt=\"Familienfotografie Miriam Castle-Weiss\" srcset=\"https:\/\/miriamcastleweiss.de\/familie\/wp-content\/uploads\/2022\/03\/Familienfotografie-Miriam-Castle-Weiss.jpg 1000w, https:\/\/miriamcastleweiss.de\/familie\/wp-content\/uploads\/2022\/03\/Familienfotografie-Miriam-Castle-Weiss-300x200.jpg 300w\" sizes=\"(max-width: 800px) 100vw, 800px\" \/>\t\t\t\t\t\t\t\t\t\t\t\t\t\t\t<\/div>\n\t\t\t\t<\/div>\n\t\t\t\t<div class=\"elementor-element elementor-element-430e63e elementor-widget elementor-widget-image\" data-id=\"430e63e\" data-element_type=\"widget\" data-e-type=\"widget\" data-widget_type=\"image.default\">\n\t\t\t\t<div class=\"elementor-widget-container\">\n\t\t\t\t\t\t\t\t\t\t\t\t\t\t\t<img loading=\"lazy\" decoding=\"async\" width=\"800\" height=\"533\" src=\"https:\/\/miriamcastleweiss.de\/familie\/wp-content\/uploads\/2022\/03\/Kinderfotograf-Wiesbaden-1024x682.jpg\" class=\"attachment-large size-large wp-image-2689\" alt=\"Kinderfotograf Wiesbaden\" srcset=\"https:\/\/miriamcastleweiss.de\/familie\/wp-content\/uploads\/2022\/03\/Kinderfotograf-Wiesbaden-1024x682.jpg 1024w, https:\/\/miriamcastleweiss.de\/familie\/wp-content\/uploads\/2022\/03\/Kinderfotograf-Wiesbaden-300x200.jpg 300w, https:\/\/miriamcastleweiss.de\/familie\/wp-content\/uploads\/2022\/03\/Kinderfotograf-Wiesbaden-1536x1024.jpg 1536w, https:\/\/miriamcastleweiss.de\/familie\/wp-content\/uploads\/2022\/03\/Kinderfotograf-Wiesbaden.jpg 1700w\" sizes=\"(max-width: 800px) 100vw, 800px\" \/>\t\t\t\t\t\t\t\t\t\t\t\t\t\t\t<\/div>\n\t\t\t\t<\/div>\n\t\t\t\t<div class=\"elementor-element elementor-element-bde70d8 elementor-widget elementor-widget-image\" data-id=\"bde70d8\" data-element_type=\"widget\" data-e-type=\"widget\" data-widget_type=\"image.default\">\n\t\t\t\t<div class=\"elementor-widget-container\">\n\t\t\t\t\t\t\t\t\t\t\t\t\t\t\t<img loading=\"lazy\" decoding=\"async\" width=\"800\" height=\"533\" src=\"https:\/\/miriamcastleweiss.de\/familie\/wp-content\/uploads\/2022\/03\/Familienfotografie-Wiesbaden1-1024x682.jpg\" class=\"attachment-large size-large wp-image-2692\" alt=\"Familienfotografie Wiesbaden\" srcset=\"https:\/\/miriamcastleweiss.de\/familie\/wp-content\/uploads\/2022\/03\/Familienfotografie-Wiesbaden1-1024x682.jpg 1024w, https:\/\/miriamcastleweiss.de\/familie\/wp-content\/uploads\/2022\/03\/Familienfotografie-Wiesbaden1-300x200.jpg 300w, https:\/\/miriamcastleweiss.de\/familie\/wp-content\/uploads\/2022\/03\/Familienfotografie-Wiesbaden1-1536x1024.jpg 1536w, https:\/\/miriamcastleweiss.de\/familie\/wp-content\/uploads\/2022\/03\/Familienfotografie-Wiesbaden1.jpg 1700w\" sizes=\"(max-width: 800px) 100vw, 800px\" \/>\t\t\t\t\t\t\t\t\t\t\t\t\t\t\t<\/div>\n\t\t\t\t<\/div>\n\t\t\t\t\t<\/div>\n\t\t<\/div>\n\t\t\t\t\t<\/div>\n\t\t<\/section>\n\t\t\t\t<section class=\"elementor-section elementor-top-section elementor-element elementor-element-f1c7d23 elementor-section-boxed elementor-section-height-default elementor-section-height-default\" data-id=\"f1c7d23\" data-element_type=\"section\" data-e-type=\"section\">\n\t\t\t\t\t\t<div class=\"elementor-container elementor-column-gap-default\">\n\t\t\t\t\t<div class=\"elementor-column elementor-col-100 elementor-top-column elementor-element elementor-element-ba97b0b\" data-id=\"ba97b0b\" data-element_type=\"column\" data-e-type=\"column\">\n\t\t\t<div class=\"elementor-widget-wrap elementor-element-populated\">\n\t\t\t\t\t\t<div class=\"elementor-element elementor-element-2655cc2 elementor-widget elementor-widget-spacer\" data-id=\"2655cc2\" data-element_type=\"widget\" data-e-type=\"widget\" data-widget_type=\"spacer.default\">\n\t\t\t\t<div class=\"elementor-widget-container\">\n\t\t\t\t\t\t\t<div class=\"elementor-spacer\">\n\t\t\t<div class=\"elementor-spacer-inner\"><\/div>\n\t\t<\/div>\n\t\t\t\t\t\t<\/div>\n\t\t\t\t<\/div>\n\t\t\t\t<div class=\"elementor-element elementor-element-4537cea elementor-widget elementor-widget-heading\" data-id=\"4537cea\" data-element_type=\"widget\" data-e-type=\"widget\" data-widget_type=\"heading.default\">\n\t\t\t\t<div class=\"elementor-widget-container\">\n\t\t\t\t\t<h2 class=\"elementor-heading-title elementor-size-default\">Was kostet ein Familienfotograf?<\/h2>\t\t\t\t<\/div>\n\t\t\t\t<\/div>\n\t\t\t\t<div class=\"elementor-element elementor-element-cb6f6f9 elementor-widget elementor-widget-text-editor\" data-id=\"cb6f6f9\" data-element_type=\"widget\" data-e-type=\"widget\" data-widget_type=\"text-editor.default\">\n\t\t\t\t<div class=\"elementor-widget-container\">\n\t\t\t\t\t\t\t\t\t<p>Jede Familie hat unterschiedliche W\u00fcnsche und Bed\u00fcrfnisse. Daher berechne ich euch vor dem Fotoshooting eine Grundgeb\u00fchr. In diesem Preis ist unter anderem ein Gespr\u00e4ch inklusive, bei dem wir uns intensiv Austauschen. Ich lerne euren Familienalltag kennen, ihr beschreibt mir, an welchen Orten ihr gerne unterwegs seid und ob auch die Gro\u00dfeltern eine gro\u00dfe Rolle im Leben der Familie spielt.&nbsp;<\/p>\n<p><\/p>\t\t\t\t\t\t\t\t<\/div>\n\t\t\t\t<\/div>\n\t\t\t\t\t<\/div>\n\t\t<\/div>\n\t\t\t\t\t<\/div>\n\t\t<\/section>\n\t\t\t\t<section class=\"elementor-section elementor-top-section elementor-element elementor-element-5ddd16a elementor-section-boxed elementor-section-height-default elementor-section-height-default\" data-id=\"5ddd16a\" data-element_type=\"section\" data-e-type=\"section\">\n\t\t\t\t\t\t<div class=\"elementor-container elementor-column-gap-default\">\n\t\t\t\t\t<div class=\"elementor-column elementor-col-50 elementor-top-column elementor-element elementor-element-43430c1\" data-id=\"43430c1\" data-element_type=\"column\" data-e-type=\"column\">\n\t\t\t<div class=\"elementor-widget-wrap elementor-element-populated\">\n\t\t\t\t\t\t<div class=\"elementor-element elementor-element-4ec9bf5 elementor-widget elementor-widget-heading\" data-id=\"4ec9bf5\" data-element_type=\"widget\" data-e-type=\"widget\" data-widget_type=\"heading.default\">\n\t\t\t\t<div class=\"elementor-widget-container\">\n\t\t\t\t\t<h2 class=\"elementor-heading-title elementor-size-default\">Grundpreis:<\/h2>\t\t\t\t<\/div>\n\t\t\t\t<\/div>\n\t\t\t\t<div class=\"elementor-element elementor-element-d79bbec elementor-widget elementor-widget-text-editor\" data-id=\"d79bbec\" data-element_type=\"widget\" data-e-type=\"widget\" data-widget_type=\"text-editor.default\">\n\t\t\t\t<div class=\"elementor-widget-container\">\n\t\t\t\t\t\t\t\t\t<p>250,00 Euro<\/p>\t\t\t\t\t\t\t\t<\/div>\n\t\t\t\t<\/div>\n\t\t\t\t<div class=\"elementor-element elementor-element-165b08b elementor-align-center elementor-icon-list--layout-traditional elementor-list-item-link-full_width elementor-widget elementor-widget-icon-list\" data-id=\"165b08b\" data-element_type=\"widget\" data-e-type=\"widget\" data-widget_type=\"icon-list.default\">\n\t\t\t\t<div class=\"elementor-widget-container\">\n\t\t\t\t\t\t\t<ul class=\"elementor-icon-list-items\">\n\t\t\t\t\t\t\t<li class=\"elementor-icon-list-item\">\n\t\t\t\t\t\t\t\t\t\t<span class=\"elementor-icon-list-text\">Telefonisches oder pers\u00f6nliches Vorgespr\u00e4ch<\/span>\n\t\t\t\t\t\t\t\t\t<\/li>\n\t\t\t\t\t\t\t\t<li class=\"elementor-icon-list-item\">\n\t\t\t\t\t\t\t\t\t\t<span class=\"elementor-icon-list-text\">Beratung zur Vorbereitung und Kleiderauswahl<\/span>\n\t\t\t\t\t\t\t\t\t<\/li>\n\t\t\t\t\t\t\t\t<li class=\"elementor-icon-list-item\">\n\t\t\t\t\t\t\t\t\t\t<span class=\"elementor-icon-list-text\">Anfahrt bis 15 km zu eurem Lieblingsort<\/span>\n\t\t\t\t\t\t\t\t\t<\/li>\n\t\t\t\t\t\t\t\t<li class=\"elementor-icon-list-item\">\n\t\t\t\t\t\t\t\t\t\t<span class=\"elementor-icon-list-text\">60-120 Minuten Fotoshooting<\/span>\n\t\t\t\t\t\t\t\t\t<\/li>\n\t\t\t\t\t\t\t\t<li class=\"elementor-icon-list-item\">\n\t\t\t\t\t\t\t\t\t\t<span class=\"elementor-icon-list-text\">Vorauswahl der sch\u00f6nsten Bilder inkl. Grundbearbeitung<\/span>\n\t\t\t\t\t\t\t\t\t<\/li>\n\t\t\t\t\t\t\t\t<li class=\"elementor-icon-list-item\">\n\t\t\t\t\t\t\t\t\t\t<span class=\"elementor-icon-list-text\">Termin zur Auswahl eurer Lieblingsbilder<\/span>\n\t\t\t\t\t\t\t\t\t<\/li>\n\t\t\t\t\t\t<\/ul>\n\t\t\t\t\t\t<\/div>\n\t\t\t\t<\/div>\n\t\t\t\t<div class=\"elementor-element elementor-element-e474f64 elementor-widget elementor-widget-text-editor\" data-id=\"e474f64\" data-element_type=\"widget\" data-e-type=\"widget\" data-widget_type=\"text-editor.default\">\n\t\t\t\t<div class=\"elementor-widget-container\">\n\t\t\t\t\t\t\t\t\t<p><em>Im Grundpreis sind keine Dateien oder Produkte inkludiert.<\/em><\/p>\t\t\t\t\t\t\t\t<\/div>\n\t\t\t\t<\/div>\n\t\t\t\t\t<\/div>\n\t\t<\/div>\n\t\t\t\t<div class=\"elementor-column elementor-col-50 elementor-top-column elementor-element elementor-element-80244f6\" data-id=\"80244f6\" data-element_type=\"column\" data-e-type=\"column\">\n\t\t\t<div class=\"elementor-widget-wrap elementor-element-populated\">\n\t\t\t\t\t\t<div class=\"elementor-element elementor-element-ef5d61c elementor-widget elementor-widget-heading\" data-id=\"ef5d61c\" data-element_type=\"widget\" data-e-type=\"widget\" data-widget_type=\"heading.default\">\n\t\t\t\t<div class=\"elementor-widget-container\">\n\t\t\t\t\t<h2 class=\"elementor-heading-title elementor-size-default\">Bildbestellung:<\/h2>\t\t\t\t<\/div>\n\t\t\t\t<\/div>\n\t\t\t\t<div class=\"elementor-element elementor-element-e02c040 elementor-widget elementor-widget-text-editor\" data-id=\"e02c040\" data-element_type=\"widget\" data-e-type=\"widget\" data-widget_type=\"text-editor.default\">\n\t\t\t\t<div class=\"elementor-widget-container\">\n\t\t\t\t\t\t\t\t\t<p>Einzelne Dateien:\u00a0<\/p><p>40,00 Euro<\/p>\t\t\t\t\t\t\t\t<\/div>\n\t\t\t\t<\/div>\n\t\t\t\t<div class=\"elementor-element elementor-element-ae3e69d elementor-widget elementor-widget-text-editor\" data-id=\"ae3e69d\" data-element_type=\"widget\" data-e-type=\"widget\" data-widget_type=\"text-editor.default\">\n\t\t\t\t<div class=\"elementor-widget-container\">\n\t\t\t\t\t\t\t\t\t<p>Im Anschluss an das Fotoshooting gebt ihr eure Bildbestellung auf. Ob Downloads oder Prints, Leporellos, Fotoalben, Wandbilder: in professionellen Fachlaboren lasse ich eure Lieblingsbilder f\u00fcr euch drucken.\u00a0<\/p><p>Ihr entscheidet selber, ob ihr euch f\u00fcr eine Kollektion mit allen Bildern (ab 1090,00 Euro) entscheidet oder ob ihr einzelne Dateien bevorzugt.<\/p>\t\t\t\t\t\t\t\t<\/div>\n\t\t\t\t<\/div>\n\t\t\t\t\t<\/div>\n\t\t<\/div>\n\t\t\t\t\t<\/div>\n\t\t<\/section>\n\t\t\t\t<section class=\"elementor-section elementor-top-section elementor-element elementor-element-b0616d3 elementor-section-boxed elementor-section-height-default elementor-section-height-default\" data-id=\"b0616d3\" data-element_type=\"section\" data-e-type=\"section\">\n\t\t\t\t\t\t<div class=\"elementor-container elementor-column-gap-default\">\n\t\t\t\t\t<div class=\"elementor-column elementor-col-100 elementor-top-column elementor-element elementor-element-16e104d\" data-id=\"16e104d\" data-element_type=\"column\" data-e-type=\"column\">\n\t\t\t<div class=\"elementor-widget-wrap elementor-element-populated\">\n\t\t\t\t\t\t<div class=\"elementor-element elementor-element-f5062d5 elementor-widget elementor-widget-menu-anchor\" data-id=\"f5062d5\" data-element_type=\"widget\" data-e-type=\"widget\" data-widget_type=\"menu-anchor.default\">\n\t\t\t\t<div class=\"elementor-widget-container\">\n\t\t\t\t\t\t\t<div class=\"elementor-menu-anchor\" id=\"homestory\"><\/div>\n\t\t\t\t\t\t<\/div>\n\t\t\t\t<\/div>\n\t\t\t\t<div class=\"elementor-element elementor-element-a7cd5fc elementor-widget elementor-widget-spacer\" data-id=\"a7cd5fc\" data-element_type=\"widget\" data-e-type=\"widget\" data-widget_type=\"spacer.default\">\n\t\t\t\t<div class=\"elementor-widget-container\">\n\t\t\t\t\t\t\t<div class=\"elementor-spacer\">\n\t\t\t<div class=\"elementor-spacer-inner\"><\/div>\n\t\t<\/div>\n\t\t\t\t\t\t<\/div>\n\t\t\t\t<\/div>\n\t\t\t\t<div class=\"elementor-element elementor-element-b314010 elementor-widget elementor-widget-heading\" data-id=\"b314010\" data-element_type=\"widget\" data-e-type=\"widget\" data-widget_type=\"heading.default\">\n\t\t\t\t<div class=\"elementor-widget-container\">\n\t\t\t\t\t<h2 class=\"elementor-heading-title elementor-size-default\">Familienfotos im eigenen Zuhause<\/h2>\t\t\t\t<\/div>\n\t\t\t\t<\/div>\n\t\t\t\t<div class=\"elementor-element elementor-element-ba47877 elementor-widget elementor-widget-heading\" data-id=\"ba47877\" data-element_type=\"widget\" data-e-type=\"widget\" data-widget_type=\"heading.default\">\n\t\t\t\t<div class=\"elementor-widget-container\">\n\t\t\t\t\t<h3 class=\"elementor-heading-title elementor-size-default\">Dokumentarische Familienreportage als Home Story<\/h3>\t\t\t\t<\/div>\n\t\t\t\t<\/div>\n\t\t\t\t\t<\/div>\n\t\t<\/div>\n\t\t\t\t\t<\/div>\n\t\t<\/section>\n\t\t\t\t<section class=\"elementor-section elementor-top-section elementor-element elementor-element-0f795c7 elementor-section-boxed elementor-section-height-default elementor-section-height-default\" data-id=\"0f795c7\" data-element_type=\"section\" data-e-type=\"section\">\n\t\t\t\t\t\t<div class=\"elementor-container elementor-column-gap-default\">\n\t\t\t\t\t<div class=\"elementor-column elementor-col-100 elementor-top-column elementor-element elementor-element-b9bf741\" data-id=\"b9bf741\" data-element_type=\"column\" data-e-type=\"column\">\n\t\t\t<div class=\"elementor-widget-wrap elementor-element-populated\">\n\t\t\t\t\t\t<div class=\"elementor-element elementor-element-e6b064f elementor-widget elementor-widget-text-editor\" data-id=\"e6b064f\" data-element_type=\"widget\" data-e-type=\"widget\" data-widget_type=\"text-editor.default\">\n\t\t\t\t<div class=\"elementor-widget-container\">\n\t\t\t\t\t\t\t\t\t<p>Eine <strong>Home Story<\/strong> ist eine <strong>authentische Familienreportage<\/strong>, bei der ich dich und deine Familie\u00a0<strong>im eigenen Zuhause<\/strong> begleite. Sie ist f\u00fcr alle Altersklassen geeignet. Vom Neugeborenen bis zur Urgro\u00dfmutter k\u00f6nnen alle Familienmitglieder mit aufs Bild.<\/p><p>F\u00fcr mich sind diese Home Stories etwas ganz wunderbares und entspanntes. Ihr als Familie f\u00fchlt euch Zuhause wohl, k\u00f6nnt auf eurem <strong>eigenen Sofa<\/strong> sitzen und im <strong>eigenen Bett<\/strong> liegen, braucht keine Taschen zu packen und Verpflegung zu transportieren, das \u00e4ltere Geschwisterkind kann sich auch mal ins <strong>Kinderzimmer<\/strong> verziehen, wenn es keine Lust mehr hat und eigene Spielsachen sind immer verf\u00fcgbar. Zudem ist genug Zeit um zu stillen, zu wickeln oder eine unruhige Phase auszuhalten.<br \/>Und ich als <strong>Familienfotograf<\/strong> profitiere von unterschiedlichen R\u00e4umen mit verschiedenen Lichteinfl\u00fcssen und bekomme <strong>echte emotionale Familienfotos<\/strong>.<\/p>\t\t\t\t\t\t\t\t<\/div>\n\t\t\t\t<\/div>\n\t\t\t\t\t<\/div>\n\t\t<\/div>\n\t\t\t\t\t<\/div>\n\t\t<\/section>\n\t\t\t\t<section class=\"elementor-section elementor-top-section elementor-element elementor-element-094acc8 elementor-section-boxed elementor-section-height-default elementor-section-height-default\" data-id=\"094acc8\" data-element_type=\"section\" data-e-type=\"section\">\n\t\t\t\t\t\t<div class=\"elementor-container elementor-column-gap-default\">\n\t\t\t\t\t<div class=\"elementor-column elementor-col-50 elementor-top-column elementor-element elementor-element-a63cfad\" data-id=\"a63cfad\" data-element_type=\"column\" data-e-type=\"column\">\n\t\t\t<div class=\"elementor-widget-wrap elementor-element-populated\">\n\t\t\t\t\t\t<div class=\"elementor-element elementor-element-930d889 elementor-widget elementor-widget-image\" data-id=\"930d889\" data-element_type=\"widget\" data-e-type=\"widget\" data-widget_type=\"image.default\">\n\t\t\t\t<div class=\"elementor-widget-container\">\n\t\t\t\t\t\t\t\t\t\t\t\t\t\t\t\t<a href=\"https:\/\/www.yaymemories.com\/de\/podcast\/s01\/episode33\">\n\t\t\t\t\t\t\t<img loading=\"lazy\" decoding=\"async\" width=\"300\" height=\"300\" src=\"https:\/\/miriamcastleweiss.de\/familie\/wp-content\/uploads\/2023\/02\/yay-300x300.webp\" class=\"attachment-medium size-medium wp-image-3458\" alt=\"\" srcset=\"https:\/\/miriamcastleweiss.de\/familie\/wp-content\/uploads\/2023\/02\/yay-300x300.webp 300w, https:\/\/miriamcastleweiss.de\/familie\/wp-content\/uploads\/2023\/02\/yay-1024x1024.webp 1024w, https:\/\/miriamcastleweiss.de\/familie\/wp-content\/uploads\/2023\/02\/yay.webp 1528w\" sizes=\"(max-width: 300px) 100vw, 300px\" \/>\t\t\t\t\t\t\t\t<\/a>\n\t\t\t\t\t\t\t\t\t\t\t\t\t\t\t<\/div>\n\t\t\t\t<\/div>\n\t\t\t\t\t<\/div>\n\t\t<\/div>\n\t\t\t\t<div class=\"elementor-column elementor-col-50 elementor-top-column elementor-element elementor-element-43d7e2f\" data-id=\"43d7e2f\" data-element_type=\"column\" data-e-type=\"column\">\n\t\t\t<div class=\"elementor-widget-wrap elementor-element-populated\">\n\t\t\t\t\t\t<div class=\"elementor-element elementor-element-f64b3f2 elementor-widget elementor-widget-text-editor\" data-id=\"f64b3f2\" data-element_type=\"widget\" data-e-type=\"widget\" data-widget_type=\"text-editor.default\">\n\t\t\t\t<div class=\"elementor-widget-container\">\n\t\t\t\t\t\t\t\t\t<p>Vor kurzem habe ich zusammen mit Imme Scheid von <a href=\"https:\/\/www.yaymemories.com\/de\" target=\"_blank\" rel=\"noopener\">Yay Memories &#8211; Dein Familientagebuch<\/a>&nbsp;einen tollen Podcast zu meiner Familienfotografie aufgenommen. Ich erz\u00e4hle dort, wie ich fotografiere und was mir besonders wichtig ist. H\u00f6rt gerne mal rein.<\/p>\t\t\t\t\t\t\t\t<\/div>\n\t\t\t\t<\/div>\n\t\t\t\t<div class=\"elementor-element elementor-element-321eaaa elementor-widget elementor-widget-heading\" data-id=\"321eaaa\" data-element_type=\"widget\" data-e-type=\"widget\" data-widget_type=\"heading.default\">\n\t\t\t\t<div class=\"elementor-widget-container\">\n\t\t\t\t\t<h2 class=\"elementor-heading-title elementor-size-default\">Zusammenfassung der Folge<\/h2>\t\t\t\t<\/div>\n\t\t\t\t<\/div>\n\t\t\t\t<div class=\"elementor-element elementor-element-08d2f0a elementor-widget elementor-widget-text-editor\" data-id=\"08d2f0a\" data-element_type=\"widget\" data-e-type=\"widget\" data-widget_type=\"text-editor.default\">\n\t\t\t\t<div class=\"elementor-widget-container\">\n\t\t\t\t\t\t\t\t\t<div><i>So einen Satz wie: &#8222;Lach doch mal&#8220; sage ich nie. Die Kinder fangen von selbst an zu lachen, wenn es ihnen gut geht und ihre Energie durch Bewegung freigesetzt wird. Da brauche ich kein verkrampftes L\u00e4cheln, das nur f\u00fcr die Kamera aufgesetzt wird, denn das ist dann nicht dein Kind.<\/i><\/div>\t\t\t\t\t\t\t\t<\/div>\n\t\t\t\t<\/div>\n\t\t\t\t<div class=\"elementor-element elementor-element-2bcdd6c elementor-mobile-align-center elementor-widget elementor-widget-button\" data-id=\"2bcdd6c\" data-element_type=\"widget\" data-e-type=\"widget\" data-widget_type=\"button.default\">\n\t\t\t\t<div class=\"elementor-widget-container\">\n\t\t\t\t\t\t\t\t\t<div class=\"elementor-button-wrapper\">\n\t\t\t\t\t<a class=\"elementor-button elementor-button-link elementor-size-sm\" href=\"https:\/\/www.yaymemories.com\/de\/podcast\/s01\/episode33\">\n\t\t\t\t\t\t<span class=\"elementor-button-content-wrapper\">\n\t\t\t\t\t\t\t\t\t<span class=\"elementor-button-text\">Jetzt reinh\u00f6ren.<\/span>\n\t\t\t\t\t<\/span>\n\t\t\t\t\t<\/a>\n\t\t\t\t<\/div>\n\t\t\t\t\t\t\t\t<\/div>\n\t\t\t\t<\/div>\n\t\t\t\t\t<\/div>\n\t\t<\/div>\n\t\t\t\t\t<\/div>\n\t\t<\/section>\n\t\t\t\t<section class=\"elementor-section elementor-top-section elementor-element elementor-element-0989f9e elementor-section-boxed elementor-section-height-default elementor-section-height-default\" data-id=\"0989f9e\" data-element_type=\"section\" data-e-type=\"section\">\n\t\t\t\t\t\t<div class=\"elementor-container elementor-column-gap-default\">\n\t\t\t\t\t<div class=\"elementor-column elementor-col-50 elementor-top-column elementor-element elementor-element-af3662c\" data-id=\"af3662c\" data-element_type=\"column\" data-e-type=\"column\">\n\t\t\t<div class=\"elementor-widget-wrap elementor-element-populated\">\n\t\t\t\t\t\t<div class=\"elementor-element elementor-element-0b2d09b elementor-widget elementor-widget-image\" data-id=\"0b2d09b\" data-element_type=\"widget\" data-e-type=\"widget\" data-widget_type=\"image.default\">\n\t\t\t\t<div class=\"elementor-widget-container\">\n\t\t\t\t\t\t\t\t\t\t\t\t\t\t\t<img loading=\"lazy\" decoding=\"async\" width=\"683\" height=\"1024\" src=\"https:\/\/miriamcastleweiss.de\/familie\/wp-content\/uploads\/2022\/03\/Kinderfotograf-Wiesbaden-Miriam-683x1024.jpg\" class=\"attachment-large size-large wp-image-2602\" alt=\"Kinderfotograf Wiesbaden Miriam\" srcset=\"https:\/\/miriamcastleweiss.de\/familie\/wp-content\/uploads\/2022\/03\/Kinderfotograf-Wiesbaden-Miriam-683x1024.jpg 683w, https:\/\/miriamcastleweiss.de\/familie\/wp-content\/uploads\/2022\/03\/Kinderfotograf-Wiesbaden-Miriam-200x300.jpg 200w, https:\/\/miriamcastleweiss.de\/familie\/wp-content\/uploads\/2022\/03\/Kinderfotograf-Wiesbaden-Miriam.jpg 1000w\" sizes=\"(max-width: 683px) 100vw, 683px\" \/>\t\t\t\t\t\t\t\t\t\t\t\t\t\t\t<\/div>\n\t\t\t\t<\/div>\n\t\t\t\t<div class=\"elementor-element elementor-element-49017d6 elementor-widget elementor-widget-image\" data-id=\"49017d6\" data-element_type=\"widget\" data-e-type=\"widget\" data-widget_type=\"image.default\">\n\t\t\t\t<div class=\"elementor-widget-container\">\n\t\t\t\t\t\t\t\t\t\t\t\t\t\t\t<img loading=\"lazy\" decoding=\"async\" width=\"800\" height=\"534\" src=\"https:\/\/miriamcastleweiss.de\/familie\/wp-content\/uploads\/2022\/03\/Kinderfotos-Bad-Homburg-Miriam-1024x683.jpg\" class=\"attachment-large size-large wp-image-2599\" alt=\"Kinderfotos Bad Homburg Miriam\" srcset=\"https:\/\/miriamcastleweiss.de\/familie\/wp-content\/uploads\/2022\/03\/Kinderfotos-Bad-Homburg-Miriam-1024x683.jpg 1024w, https:\/\/miriamcastleweiss.de\/familie\/wp-content\/uploads\/2022\/03\/Kinderfotos-Bad-Homburg-Miriam-300x200.jpg 300w, https:\/\/miriamcastleweiss.de\/familie\/wp-content\/uploads\/2022\/03\/Kinderfotos-Bad-Homburg-Miriam.jpg 1500w\" sizes=\"(max-width: 800px) 100vw, 800px\" \/>\t\t\t\t\t\t\t\t\t\t\t\t\t\t\t<\/div>\n\t\t\t\t<\/div>\n\t\t\t\t<div class=\"elementor-element elementor-element-dfa143d elementor-widget elementor-widget-image\" data-id=\"dfa143d\" data-element_type=\"widget\" data-e-type=\"widget\" data-widget_type=\"image.default\">\n\t\t\t\t<div class=\"elementor-widget-container\">\n\t\t\t\t\t\t\t\t\t\t\t\t\t\t\t<img loading=\"lazy\" decoding=\"async\" width=\"683\" height=\"1024\" src=\"https:\/\/miriamcastleweiss.de\/familie\/wp-content\/uploads\/2022\/03\/Fotograf-Main-Taunus-Kreis-683x1024.jpg\" class=\"attachment-large size-large wp-image-2597\" alt=\"Fotograf Main-Taunus-Kreis\" srcset=\"https:\/\/miriamcastleweiss.de\/familie\/wp-content\/uploads\/2022\/03\/Fotograf-Main-Taunus-Kreis-683x1024.jpg 683w, https:\/\/miriamcastleweiss.de\/familie\/wp-content\/uploads\/2022\/03\/Fotograf-Main-Taunus-Kreis-200x300.jpg 200w, https:\/\/miriamcastleweiss.de\/familie\/wp-content\/uploads\/2022\/03\/Fotograf-Main-Taunus-Kreis.jpg 1000w\" sizes=\"(max-width: 683px) 100vw, 683px\" \/>\t\t\t\t\t\t\t\t\t\t\t\t\t\t\t<\/div>\n\t\t\t\t<\/div>\n\t\t\t\t\t<\/div>\n\t\t<\/div>\n\t\t\t\t<div class=\"elementor-column elementor-col-50 elementor-top-column elementor-element elementor-element-7a075d7\" data-id=\"7a075d7\" data-element_type=\"column\" data-e-type=\"column\">\n\t\t\t<div class=\"elementor-widget-wrap elementor-element-populated\">\n\t\t\t\t\t\t<div class=\"elementor-element elementor-element-259ea52 elementor-widget elementor-widget-image\" data-id=\"259ea52\" data-element_type=\"widget\" data-e-type=\"widget\" data-widget_type=\"image.default\">\n\t\t\t\t<div class=\"elementor-widget-container\">\n\t\t\t\t\t\t\t\t\t\t\t\t\t\t\t<img loading=\"lazy\" decoding=\"async\" width=\"800\" height=\"534\" src=\"https:\/\/miriamcastleweiss.de\/familie\/wp-content\/uploads\/2022\/03\/Kinderfotos-Wiesbaden-Miriam-1024x683.jpg\" class=\"attachment-large size-large wp-image-2600\" alt=\"Kinderfotos Wiesbaden Miriam\" srcset=\"https:\/\/miriamcastleweiss.de\/familie\/wp-content\/uploads\/2022\/03\/Kinderfotos-Wiesbaden-Miriam-1024x683.jpg 1024w, https:\/\/miriamcastleweiss.de\/familie\/wp-content\/uploads\/2022\/03\/Kinderfotos-Wiesbaden-Miriam-300x200.jpg 300w, https:\/\/miriamcastleweiss.de\/familie\/wp-content\/uploads\/2022\/03\/Kinderfotos-Wiesbaden-Miriam.jpg 1500w\" sizes=\"(max-width: 800px) 100vw, 800px\" \/>\t\t\t\t\t\t\t\t\t\t\t\t\t\t\t<\/div>\n\t\t\t\t<\/div>\n\t\t\t\t<div class=\"elementor-element elementor-element-896fc0b elementor-widget elementor-widget-image\" data-id=\"896fc0b\" data-element_type=\"widget\" data-e-type=\"widget\" data-widget_type=\"image.default\">\n\t\t\t\t<div class=\"elementor-widget-container\">\n\t\t\t\t\t\t\t\t\t\t\t\t\t\t\t<img loading=\"lazy\" decoding=\"async\" width=\"683\" height=\"1024\" src=\"https:\/\/miriamcastleweiss.de\/familie\/wp-content\/uploads\/2022\/03\/Kinderfotos-Bad-Homburg-Miriam-Castle-Weiss-683x1024.jpg\" class=\"attachment-large size-large wp-image-2598\" alt=\"Kinderfotos Bad Homburg Miriam Castle-Weiss\" srcset=\"https:\/\/miriamcastleweiss.de\/familie\/wp-content\/uploads\/2022\/03\/Kinderfotos-Bad-Homburg-Miriam-Castle-Weiss-683x1024.jpg 683w, https:\/\/miriamcastleweiss.de\/familie\/wp-content\/uploads\/2022\/03\/Kinderfotos-Bad-Homburg-Miriam-Castle-Weiss-200x300.jpg 200w, https:\/\/miriamcastleweiss.de\/familie\/wp-content\/uploads\/2022\/03\/Kinderfotos-Bad-Homburg-Miriam-Castle-Weiss.jpg 1000w\" sizes=\"(max-width: 683px) 100vw, 683px\" \/>\t\t\t\t\t\t\t\t\t\t\t\t\t\t\t<\/div>\n\t\t\t\t<\/div>\n\t\t\t\t<div class=\"elementor-element elementor-element-4c69412 elementor-widget elementor-widget-image\" data-id=\"4c69412\" data-element_type=\"widget\" data-e-type=\"widget\" data-widget_type=\"image.default\">\n\t\t\t\t<div class=\"elementor-widget-container\">\n\t\t\t\t\t\t\t\t\t\t\t\t\t\t\t<img loading=\"lazy\" decoding=\"async\" width=\"800\" height=\"534\" src=\"https:\/\/miriamcastleweiss.de\/familie\/wp-content\/uploads\/2022\/03\/Fotograf-Frankfurt-1024x683.jpg\" class=\"attachment-large size-large wp-image-2595\" alt=\"Fotograf Frankfurt\" srcset=\"https:\/\/miriamcastleweiss.de\/familie\/wp-content\/uploads\/2022\/03\/Fotograf-Frankfurt-1024x683.jpg 1024w, https:\/\/miriamcastleweiss.de\/familie\/wp-content\/uploads\/2022\/03\/Fotograf-Frankfurt-300x200.jpg 300w, https:\/\/miriamcastleweiss.de\/familie\/wp-content\/uploads\/2022\/03\/Fotograf-Frankfurt.jpg 1500w\" sizes=\"(max-width: 800px) 100vw, 800px\" \/>\t\t\t\t\t\t\t\t\t\t\t\t\t\t\t<\/div>\n\t\t\t\t<\/div>\n\t\t\t\t<div class=\"elementor-element elementor-element-0780aef elementor-widget elementor-widget-image\" data-id=\"0780aef\" data-element_type=\"widget\" data-e-type=\"widget\" data-widget_type=\"image.default\">\n\t\t\t\t<div class=\"elementor-widget-container\">\n\t\t\t\t\t\t\t\t\t\t\t\t\t\t\t<img loading=\"lazy\" decoding=\"async\" width=\"800\" height=\"534\" src=\"https:\/\/miriamcastleweiss.de\/familie\/wp-content\/uploads\/2022\/03\/Fotograf-Hofheim-1024x683.jpg\" class=\"attachment-large size-large wp-image-2596\" alt=\"Fotograf Hofheim\" srcset=\"https:\/\/miriamcastleweiss.de\/familie\/wp-content\/uploads\/2022\/03\/Fotograf-Hofheim-1024x683.jpg 1024w, https:\/\/miriamcastleweiss.de\/familie\/wp-content\/uploads\/2022\/03\/Fotograf-Hofheim-300x200.jpg 300w, https:\/\/miriamcastleweiss.de\/familie\/wp-content\/uploads\/2022\/03\/Fotograf-Hofheim.jpg 1500w\" sizes=\"(max-width: 800px) 100vw, 800px\" \/>\t\t\t\t\t\t\t\t\t\t\t\t\t\t\t<\/div>\n\t\t\t\t<\/div>\n\t\t\t\t\t<\/div>\n\t\t<\/div>\n\t\t\t\t\t<\/div>\n\t\t<\/section>\n\t\t\t\t<section class=\"elementor-section elementor-top-section elementor-element elementor-element-a3e1c26 elementor-section-boxed elementor-section-height-default elementor-section-height-default\" data-id=\"a3e1c26\" data-element_type=\"section\" data-e-type=\"section\">\n\t\t\t\t\t\t<div class=\"elementor-container elementor-column-gap-default\">\n\t\t\t\t\t<div class=\"elementor-column elementor-col-100 elementor-top-column elementor-element elementor-element-07f0636\" data-id=\"07f0636\" data-element_type=\"column\" data-e-type=\"column\">\n\t\t\t<div class=\"elementor-widget-wrap elementor-element-populated\">\n\t\t\t\t\t\t<div class=\"elementor-element elementor-element-9f726b1 elementor-widget elementor-widget-spacer\" data-id=\"9f726b1\" data-element_type=\"widget\" data-e-type=\"widget\" data-widget_type=\"spacer.default\">\n\t\t\t\t<div class=\"elementor-widget-container\">\n\t\t\t\t\t\t\t<div class=\"elementor-spacer\">\n\t\t\t<div class=\"elementor-spacer-inner\"><\/div>\n\t\t<\/div>\n\t\t\t\t\t\t<\/div>\n\t\t\t\t<\/div>\n\t\t\t\t<div class=\"elementor-element elementor-element-164ca3e elementor-widget elementor-widget-menu-anchor\" data-id=\"164ca3e\" data-element_type=\"widget\" data-e-type=\"widget\" data-widget_type=\"menu-anchor.default\">\n\t\t\t\t<div class=\"elementor-widget-container\">\n\t\t\t\t\t\t\t<div class=\"elementor-menu-anchor\" id=\"feste\"><\/div>\n\t\t\t\t\t\t<\/div>\n\t\t\t\t<\/div>\n\t\t\t\t<div class=\"elementor-element elementor-element-fbd7e56 elementor-widget elementor-widget-heading\" data-id=\"fbd7e56\" data-element_type=\"widget\" data-e-type=\"widget\" data-widget_type=\"heading.default\">\n\t\t\t\t<div class=\"elementor-widget-container\">\n\t\t\t\t\t<h2 class=\"elementor-heading-title elementor-size-default\">Feste und besondere Anl\u00e4sse<\/h2>\t\t\t\t<\/div>\n\t\t\t\t<\/div>\n\t\t\t\t<div class=\"elementor-element elementor-element-1bf46fe elementor-widget elementor-widget-heading\" data-id=\"1bf46fe\" data-element_type=\"widget\" data-e-type=\"widget\" data-widget_type=\"heading.default\">\n\t\t\t\t<div class=\"elementor-widget-container\">\n\t\t\t\t\t<h3 class=\"elementor-heading-title elementor-size-default\">Lebendige Reportage &amp; lebenslange Erinnerungen<\/h3>\t\t\t\t<\/div>\n\t\t\t\t<\/div>\n\t\t\t\t\t<\/div>\n\t\t<\/div>\n\t\t\t\t\t<\/div>\n\t\t<\/section>\n\t\t\t\t<section class=\"elementor-section elementor-top-section elementor-element elementor-element-e162169 elementor-section-boxed elementor-section-height-default elementor-section-height-default\" data-id=\"e162169\" data-element_type=\"section\" data-e-type=\"section\">\n\t\t\t\t\t\t<div class=\"elementor-container elementor-column-gap-default\">\n\t\t\t\t\t<div class=\"elementor-column elementor-col-100 elementor-top-column elementor-element elementor-element-06ebd0c\" data-id=\"06ebd0c\" data-element_type=\"column\" data-e-type=\"column\">\n\t\t\t<div class=\"elementor-widget-wrap elementor-element-populated\">\n\t\t\t\t\t\t<div class=\"elementor-element elementor-element-cd3180a elementor-widget elementor-widget-text-editor\" data-id=\"cd3180a\" data-element_type=\"widget\" data-e-type=\"widget\" data-widget_type=\"text-editor.default\">\n\t\t\t\t<div class=\"elementor-widget-container\">\n\t\t\t\t\t\t\t\t\t<div class=\"page\" title=\"Page 9\"><div class=\"layoutArea\"><div class=\"column\"><p>Familien wachsen und vera\u0308ndern sich. Jahr fu\u0308r Jahr.<br \/>Die Kinder werden gro\u00df, die Eltern werden alt und Bilder von der Familie werden immer wertvoller. Durch die Einschr\u00e4nkungen der letzten Jahre konnten sich Familie sowie Freunde nicht in gr\u00f6\u00dferer Runde treffen.<\/p><p>Zeit la\u0308sst sich nicht zuru\u0308ckdrehen, aber mit Fotos ko\u0308nnen wir Erinnerungen schaffen. An einen geliebten Menschen. An ein scho\u0308nes Familienerlebnis. An Na\u0308he und Zusammensein. An eine gro\u00dfartige Feier im Kreise lieber Menschen.<\/p><\/div><\/div><\/div>\t\t\t\t\t\t\t\t<\/div>\n\t\t\t\t<\/div>\n\t\t\t\t\t<\/div>\n\t\t<\/div>\n\t\t\t\t\t<\/div>\n\t\t<\/section>\n\t\t\t\t<section class=\"elementor-section elementor-top-section elementor-element elementor-element-57a118e elementor-section-boxed elementor-section-height-default elementor-section-height-default\" data-id=\"57a118e\" data-element_type=\"section\" data-e-type=\"section\">\n\t\t\t\t\t\t<div class=\"elementor-container elementor-column-gap-default\">\n\t\t\t\t\t<div class=\"elementor-column elementor-col-100 elementor-top-column elementor-element elementor-element-fd6df05\" data-id=\"fd6df05\" data-element_type=\"column\" data-e-type=\"column\">\n\t\t\t<div class=\"elementor-widget-wrap elementor-element-populated\">\n\t\t\t\t\t\t<div class=\"elementor-element elementor-element-e4ea5bb elementor-widget elementor-widget-image\" data-id=\"e4ea5bb\" data-element_type=\"widget\" data-e-type=\"widget\" data-widget_type=\"image.default\">\n\t\t\t\t<div class=\"elementor-widget-container\">\n\t\t\t\t\t\t\t\t\t\t\t\t\t\t\t<img loading=\"lazy\" decoding=\"async\" width=\"2560\" height=\"1707\" src=\"https:\/\/miriamcastleweiss.de\/familie\/wp-content\/uploads\/2022\/03\/Fotograf-Kelkheim-scaled.jpg\" class=\"attachment-full size-full wp-image-2550\" alt=\"Fotograf Kelkheim\" srcset=\"https:\/\/miriamcastleweiss.de\/familie\/wp-content\/uploads\/2022\/03\/Fotograf-Kelkheim-scaled.jpg 2560w, https:\/\/miriamcastleweiss.de\/familie\/wp-content\/uploads\/2022\/03\/Fotograf-Kelkheim-scaled-300x200.jpg 300w, https:\/\/miriamcastleweiss.de\/familie\/wp-content\/uploads\/2022\/03\/Fotograf-Kelkheim-scaled-1024x683.jpg 1024w, https:\/\/miriamcastleweiss.de\/familie\/wp-content\/uploads\/2022\/03\/Fotograf-Kelkheim-scaled-1536x1024.jpg 1536w, https:\/\/miriamcastleweiss.de\/familie\/wp-content\/uploads\/2022\/03\/Fotograf-Kelkheim-scaled-2048x1366.jpg 2048w\" sizes=\"(max-width: 2560px) 100vw, 2560px\" \/>\t\t\t\t\t\t\t\t\t\t\t\t\t\t\t<\/div>\n\t\t\t\t<\/div>\n\t\t\t\t\t<\/div>\n\t\t<\/div>\n\t\t\t\t\t<\/div>\n\t\t<\/section>\n\t\t\t\t<section class=\"elementor-section elementor-top-section elementor-element elementor-element-d0bf626 elementor-section-boxed elementor-section-height-default elementor-section-height-default\" data-id=\"d0bf626\" data-element_type=\"section\" data-e-type=\"section\">\n\t\t\t\t\t\t<div class=\"elementor-container elementor-column-gap-default\">\n\t\t\t\t\t<div class=\"elementor-column elementor-col-100 elementor-top-column elementor-element elementor-element-b38156c\" data-id=\"b38156c\" data-element_type=\"column\" data-e-type=\"column\">\n\t\t\t<div class=\"elementor-widget-wrap elementor-element-populated\">\n\t\t\t\t\t\t<div class=\"elementor-element elementor-element-984ee11 elementor-widget elementor-widget-text-editor\" data-id=\"984ee11\" data-element_type=\"widget\" data-e-type=\"widget\" data-widget_type=\"text-editor.default\">\n\t\t\t\t<div class=\"elementor-widget-container\">\n\t\t\t\t\t\t\t\t\t<div class=\"page\" title=\"Page 9\"><div class=\"layoutArea\"><div class=\"column\"><p>Deshalb begleite ich euer Fest sehr gern mit meiner Kamera.<\/p><p>Solange ihr es wollt \u2013 so viel wie ihr braucht. Das kann nur 2 Stunden sein oder einen ganzen Tag lang.<\/p><p>Ich bin als stiller Gast anwesend und fotografiere im Reportage-Stil euer Zusammensein. Ungestellt und natu\u0308rlich.<\/p><p>So entstehen Fotos, die beim Anschauen sofort ein La\u0308cheln ins Gesicht zaubern und bei denen ihr euch fu\u0308hlt, als wa\u0308re das Zusammentreffen erst gestern gewesen.<\/p><p>Lasst uns die wertvollen Momente eures Lebens in Bildern festhalten und schenkt euch selbst lebenslange Erinnerungen!<\/p><\/div><\/div><\/div>\t\t\t\t\t\t\t\t<\/div>\n\t\t\t\t<\/div>\n\t\t\t\t\t<\/div>\n\t\t<\/div>\n\t\t\t\t\t<\/div>\n\t\t<\/section>\n\t\t\t\t<section class=\"elementor-section elementor-top-section elementor-element elementor-element-a258139 elementor-section-boxed elementor-section-height-default elementor-section-height-default\" data-id=\"a258139\" data-element_type=\"section\" data-e-type=\"section\">\n\t\t\t\t\t\t<div class=\"elementor-container elementor-column-gap-default\">\n\t\t\t\t\t<div class=\"elementor-column elementor-col-50 elementor-top-column elementor-element elementor-element-707563f\" data-id=\"707563f\" data-element_type=\"column\" data-e-type=\"column\">\n\t\t\t<div class=\"elementor-widget-wrap elementor-element-populated\">\n\t\t\t\t\t\t<div class=\"elementor-element elementor-element-a5504ba elementor-widget elementor-widget-text-editor\" data-id=\"a5504ba\" data-element_type=\"widget\" data-e-type=\"widget\" data-widget_type=\"text-editor.default\">\n\t\t\t\t<div class=\"elementor-widget-container\">\n\t\t\t\t\t\t\t\t\t<div class=\"page\" title=\"Page 9\"><div class=\"layoutArea\"><div class=\"column\"><p>Ihr ko\u0308nnt mich engagieren fu\u0308r<\/p><ul><li><p>Taufe<\/p><\/li><li><p>Kommunion<\/p><\/li><li><p>Konfirmation<\/p><\/li><li><p>Schulanfang<\/p><\/li><li><p>Geburtstage<\/p><\/li><li><p>Hochzeiten<\/p><\/li><li>sowie Festlichkeiten jeglicher Art<\/li><\/ul><\/div><\/div><\/div>\t\t\t\t\t\t\t\t<\/div>\n\t\t\t\t<\/div>\n\t\t\t\t\t<\/div>\n\t\t<\/div>\n\t\t\t\t<div class=\"elementor-column elementor-col-50 elementor-top-column elementor-element elementor-element-373b764\" data-id=\"373b764\" data-element_type=\"column\" data-e-type=\"column\">\n\t\t\t<div class=\"elementor-widget-wrap elementor-element-populated\">\n\t\t\t\t\t\t<div class=\"elementor-element elementor-element-62aa858 elementor-tablet-align-left elementor-mobile-align-center elementor-widget elementor-widget-button\" data-id=\"62aa858\" data-element_type=\"widget\" data-e-type=\"widget\" data-widget_type=\"button.default\">\n\t\t\t\t<div class=\"elementor-widget-container\">\n\t\t\t\t\t\t\t\t\t<div class=\"elementor-button-wrapper\">\n\t\t\t\t\t<a class=\"elementor-button elementor-button-link elementor-size-sm\" href=\"https:\/\/miriamcastleweiss.de\/familie\/kontakt\/\">\n\t\t\t\t\t\t<span class=\"elementor-button-content-wrapper\">\n\t\t\t\t\t\t\t\t\t<span class=\"elementor-button-text\">Jetzt Termin anfragen.<\/span>\n\t\t\t\t\t<\/span>\n\t\t\t\t\t<\/a>\n\t\t\t\t<\/div>\n\t\t\t\t\t\t\t\t<\/div>\n\t\t\t\t<\/div>\n\t\t\t\t\t<\/div>\n\t\t<\/div>\n\t\t\t\t\t<\/div>\n\t\t<\/section>\n\t\t\t\t<section class=\"elementor-section elementor-top-section elementor-element elementor-element-b1cc8ef elementor-section-boxed elementor-section-height-default elementor-section-height-default\" data-id=\"b1cc8ef\" data-element_type=\"section\" data-e-type=\"section\">\n\t\t\t\t\t\t<div class=\"elementor-container elementor-column-gap-default\">\n\t\t\t\t\t<div class=\"elementor-column elementor-col-50 elementor-top-column elementor-element elementor-element-1a60334\" data-id=\"1a60334\" data-element_type=\"column\" data-e-type=\"column\">\n\t\t\t<div class=\"elementor-widget-wrap elementor-element-populated\">\n\t\t\t\t\t\t<div class=\"elementor-element elementor-element-886d0c9 elementor-widget elementor-widget-spacer\" data-id=\"886d0c9\" data-element_type=\"widget\" data-e-type=\"widget\" data-widget_type=\"spacer.default\">\n\t\t\t\t<div class=\"elementor-widget-container\">\n\t\t\t\t\t\t\t<div class=\"elementor-spacer\">\n\t\t\t<div class=\"elementor-spacer-inner\"><\/div>\n\t\t<\/div>\n\t\t\t\t\t\t<\/div>\n\t\t\t\t<\/div>\n\t\t\t\t<div class=\"elementor-element elementor-element-6709216 elementor-widget elementor-widget-image\" data-id=\"6709216\" data-element_type=\"widget\" data-e-type=\"widget\" data-widget_type=\"image.default\">\n\t\t\t\t<div class=\"elementor-widget-container\">\n\t\t\t\t\t\t\t\t\t\t\t\t\t\t\t<img loading=\"lazy\" decoding=\"async\" width=\"800\" height=\"534\" src=\"https:\/\/miriamcastleweiss.de\/familie\/wp-content\/uploads\/2022\/03\/Fotograf-Idstein-1024x683.jpg\" class=\"attachment-large size-large wp-image-2699\" alt=\"Fotograf Idstein\" srcset=\"https:\/\/miriamcastleweiss.de\/familie\/wp-content\/uploads\/2022\/03\/Fotograf-Idstein-1024x683.jpg 1024w, https:\/\/miriamcastleweiss.de\/familie\/wp-content\/uploads\/2022\/03\/Fotograf-Idstein-300x200.jpg 300w, https:\/\/miriamcastleweiss.de\/familie\/wp-content\/uploads\/2022\/03\/Fotograf-Idstein.jpg 1500w\" sizes=\"(max-width: 800px) 100vw, 800px\" \/>\t\t\t\t\t\t\t\t\t\t\t\t\t\t\t<\/div>\n\t\t\t\t<\/div>\n\t\t\t\t<div class=\"elementor-element elementor-element-96f2f2e elementor-widget elementor-widget-image\" data-id=\"96f2f2e\" data-element_type=\"widget\" data-e-type=\"widget\" data-widget_type=\"image.default\">\n\t\t\t\t<div class=\"elementor-widget-container\">\n\t\t\t\t\t\t\t\t\t\t\t\t\t\t\t<img loading=\"lazy\" decoding=\"async\" width=\"800\" height=\"534\" src=\"https:\/\/miriamcastleweiss.de\/familie\/wp-content\/uploads\/2022\/03\/Fotograf-Kronberg-1024x683.jpg\" class=\"attachment-large size-large wp-image-2698\" alt=\"Fotograf Kronberg\" srcset=\"https:\/\/miriamcastleweiss.de\/familie\/wp-content\/uploads\/2022\/03\/Fotograf-Kronberg-1024x683.jpg 1024w, https:\/\/miriamcastleweiss.de\/familie\/wp-content\/uploads\/2022\/03\/Fotograf-Kronberg-300x200.jpg 300w, https:\/\/miriamcastleweiss.de\/familie\/wp-content\/uploads\/2022\/03\/Fotograf-Kronberg.jpg 1500w\" sizes=\"(max-width: 800px) 100vw, 800px\" \/>\t\t\t\t\t\t\t\t\t\t\t\t\t\t\t<\/div>\n\t\t\t\t<\/div>\n\t\t\t\t<div class=\"elementor-element elementor-element-7f44fa4 elementor-widget elementor-widget-image\" data-id=\"7f44fa4\" data-element_type=\"widget\" data-e-type=\"widget\" data-widget_type=\"image.default\">\n\t\t\t\t<div class=\"elementor-widget-container\">\n\t\t\t\t\t\t\t\t\t\t\t\t\t\t\t<img loading=\"lazy\" decoding=\"async\" width=\"800\" height=\"534\" src=\"https:\/\/miriamcastleweiss.de\/familie\/wp-content\/uploads\/2022\/03\/Fotograf-Eschborn-1024x683.jpg\" class=\"attachment-large size-large wp-image-2696\" alt=\"Fotograf Eschborn\" srcset=\"https:\/\/miriamcastleweiss.de\/familie\/wp-content\/uploads\/2022\/03\/Fotograf-Eschborn-1024x683.jpg 1024w, https:\/\/miriamcastleweiss.de\/familie\/wp-content\/uploads\/2022\/03\/Fotograf-Eschborn-300x200.jpg 300w, https:\/\/miriamcastleweiss.de\/familie\/wp-content\/uploads\/2022\/03\/Fotograf-Eschborn.jpg 1500w\" sizes=\"(max-width: 800px) 100vw, 800px\" \/>\t\t\t\t\t\t\t\t\t\t\t\t\t\t\t<\/div>\n\t\t\t\t<\/div>\n\t\t\t\t<div class=\"elementor-element elementor-element-ad19090 elementor-widget elementor-widget-image\" data-id=\"ad19090\" data-element_type=\"widget\" data-e-type=\"widget\" data-widget_type=\"image.default\">\n\t\t\t\t<div class=\"elementor-widget-container\">\n\t\t\t\t\t\t\t\t\t\t\t\t\t\t\t<img loading=\"lazy\" decoding=\"async\" width=\"800\" height=\"534\" src=\"https:\/\/miriamcastleweiss.de\/familie\/wp-content\/uploads\/2022\/03\/Fotograf-Sommerfest-Rhein-Main-1024x683.jpg\" class=\"attachment-large size-large wp-image-2628\" alt=\"Fotograf Sommerfest Rhein-Main\" srcset=\"https:\/\/miriamcastleweiss.de\/familie\/wp-content\/uploads\/2022\/03\/Fotograf-Sommerfest-Rhein-Main-1024x683.jpg 1024w, https:\/\/miriamcastleweiss.de\/familie\/wp-content\/uploads\/2022\/03\/Fotograf-Sommerfest-Rhein-Main-300x200.jpg 300w, https:\/\/miriamcastleweiss.de\/familie\/wp-content\/uploads\/2022\/03\/Fotograf-Sommerfest-Rhein-Main.jpg 1500w\" sizes=\"(max-width: 800px) 100vw, 800px\" \/>\t\t\t\t\t\t\t\t\t\t\t\t\t\t\t<\/div>\n\t\t\t\t<\/div>\n\t\t\t\t<div class=\"elementor-element elementor-element-450e806 elementor-widget elementor-widget-image\" data-id=\"450e806\" data-element_type=\"widget\" data-e-type=\"widget\" data-widget_type=\"image.default\">\n\t\t\t\t<div class=\"elementor-widget-container\">\n\t\t\t\t\t\t\t\t\t\t\t\t\t\t\t<img loading=\"lazy\" decoding=\"async\" width=\"800\" height=\"534\" src=\"https:\/\/miriamcastleweiss.de\/familie\/wp-content\/uploads\/2022\/03\/Fotograf-Idstein-Miriam-Castle-Weiss-1024x683.jpg\" class=\"attachment-large size-large wp-image-2552\" alt=\"Fotograf Idstein Miriam Castle-Wei\u00df\" srcset=\"https:\/\/miriamcastleweiss.de\/familie\/wp-content\/uploads\/2022\/03\/Fotograf-Idstein-Miriam-Castle-Weiss-1024x683.jpg 1024w, https:\/\/miriamcastleweiss.de\/familie\/wp-content\/uploads\/2022\/03\/Fotograf-Idstein-Miriam-Castle-Weiss-300x200.jpg 300w, https:\/\/miriamcastleweiss.de\/familie\/wp-content\/uploads\/2022\/03\/Fotograf-Idstein-Miriam-Castle-Weiss-1536x1025.jpg 1536w, https:\/\/miriamcastleweiss.de\/familie\/wp-content\/uploads\/2022\/03\/Fotograf-Idstein-Miriam-Castle-Weiss.jpg 2000w\" sizes=\"(max-width: 800px) 100vw, 800px\" \/>\t\t\t\t\t\t\t\t\t\t\t\t\t\t\t<\/div>\n\t\t\t\t<\/div>\n\t\t\t\t\t<\/div>\n\t\t<\/div>\n\t\t\t\t<div class=\"elementor-column elementor-col-50 elementor-top-column elementor-element elementor-element-d6941f3\" data-id=\"d6941f3\" data-element_type=\"column\" data-e-type=\"column\">\n\t\t\t<div class=\"elementor-widget-wrap elementor-element-populated\">\n\t\t\t\t\t\t<div class=\"elementor-element elementor-element-0b887f2 elementor-widget elementor-widget-spacer\" data-id=\"0b887f2\" data-element_type=\"widget\" data-e-type=\"widget\" data-widget_type=\"spacer.default\">\n\t\t\t\t<div class=\"elementor-widget-container\">\n\t\t\t\t\t\t\t<div class=\"elementor-spacer\">\n\t\t\t<div class=\"elementor-spacer-inner\"><\/div>\n\t\t<\/div>\n\t\t\t\t\t\t<\/div>\n\t\t\t\t<\/div>\n\t\t\t\t<div class=\"elementor-element elementor-element-9cd6da8 elementor-widget elementor-widget-image\" data-id=\"9cd6da8\" data-element_type=\"widget\" data-e-type=\"widget\" data-widget_type=\"image.default\">\n\t\t\t\t<div class=\"elementor-widget-container\">\n\t\t\t\t\t\t\t\t\t\t\t\t\t\t\t<img loading=\"lazy\" decoding=\"async\" width=\"800\" height=\"534\" src=\"https:\/\/miriamcastleweiss.de\/familie\/wp-content\/uploads\/2022\/03\/Fotograf-Taufe-Wiesbaden-1024x683.jpg\" class=\"attachment-large size-large wp-image-2694\" alt=\"Fotograf Taufe Wiesbaden\" srcset=\"https:\/\/miriamcastleweiss.de\/familie\/wp-content\/uploads\/2022\/03\/Fotograf-Taufe-Wiesbaden-1024x683.jpg 1024w, https:\/\/miriamcastleweiss.de\/familie\/wp-content\/uploads\/2022\/03\/Fotograf-Taufe-Wiesbaden-300x200.jpg 300w, https:\/\/miriamcastleweiss.de\/familie\/wp-content\/uploads\/2022\/03\/Fotograf-Taufe-Wiesbaden.jpg 1500w\" sizes=\"(max-width: 800px) 100vw, 800px\" \/>\t\t\t\t\t\t\t\t\t\t\t\t\t\t\t<\/div>\n\t\t\t\t<\/div>\n\t\t\t\t<div class=\"elementor-element elementor-element-860c214 elementor-widget elementor-widget-image\" data-id=\"860c214\" data-element_type=\"widget\" data-e-type=\"widget\" data-widget_type=\"image.default\">\n\t\t\t\t<div class=\"elementor-widget-container\">\n\t\t\t\t\t\t\t\t\t\t\t\t\t\t\t<img loading=\"lazy\" decoding=\"async\" width=\"800\" height=\"534\" src=\"https:\/\/miriamcastleweiss.de\/familie\/wp-content\/uploads\/2022\/03\/Fotograf-Taufe-Niedernhausen-1024x683.jpg\" class=\"attachment-large size-large wp-image-2695\" alt=\"Fotograf Taufe Niedernhausen\" srcset=\"https:\/\/miriamcastleweiss.de\/familie\/wp-content\/uploads\/2022\/03\/Fotograf-Taufe-Niedernhausen-1024x683.jpg 1024w, https:\/\/miriamcastleweiss.de\/familie\/wp-content\/uploads\/2022\/03\/Fotograf-Taufe-Niedernhausen-300x200.jpg 300w, https:\/\/miriamcastleweiss.de\/familie\/wp-content\/uploads\/2022\/03\/Fotograf-Taufe-Niedernhausen.jpg 1500w\" sizes=\"(max-width: 800px) 100vw, 800px\" \/>\t\t\t\t\t\t\t\t\t\t\t\t\t\t\t<\/div>\n\t\t\t\t<\/div>\n\t\t\t\t<div class=\"elementor-element elementor-element-1266cc7 elementor-widget elementor-widget-image\" data-id=\"1266cc7\" data-element_type=\"widget\" data-e-type=\"widget\" data-widget_type=\"image.default\">\n\t\t\t\t<div class=\"elementor-widget-container\">\n\t\t\t\t\t\t\t\t\t\t\t\t\t\t\t<img loading=\"lazy\" decoding=\"async\" width=\"800\" height=\"534\" src=\"https:\/\/miriamcastleweiss.de\/familie\/wp-content\/uploads\/2022\/03\/familienfeier-wiesbaden-1024x683.jpg\" class=\"attachment-large size-large wp-image-2629\" alt=\"Familienfeier Wiesbaden\" srcset=\"https:\/\/miriamcastleweiss.de\/familie\/wp-content\/uploads\/2022\/03\/familienfeier-wiesbaden-1024x683.jpg 1024w, https:\/\/miriamcastleweiss.de\/familie\/wp-content\/uploads\/2022\/03\/familienfeier-wiesbaden-300x200.jpg 300w, https:\/\/miriamcastleweiss.de\/familie\/wp-content\/uploads\/2022\/03\/familienfeier-wiesbaden.jpg 1500w\" sizes=\"(max-width: 800px) 100vw, 800px\" \/>\t\t\t\t\t\t\t\t\t\t\t\t\t\t\t<\/div>\n\t\t\t\t<\/div>\n\t\t\t\t<div class=\"elementor-element elementor-element-61a5aa1 elementor-widget elementor-widget-image\" data-id=\"61a5aa1\" data-element_type=\"widget\" data-e-type=\"widget\" data-widget_type=\"image.default\">\n\t\t\t\t<div class=\"elementor-widget-container\">\n\t\t\t\t\t\t\t\t\t\t\t\t\t\t\t<img loading=\"lazy\" decoding=\"async\" width=\"800\" height=\"534\" src=\"https:\/\/miriamcastleweiss.de\/familie\/wp-content\/uploads\/2022\/03\/Fotograf-Koenigstein-1024x683.jpg\" class=\"attachment-large size-large wp-image-2553\" alt=\"Fotograf K\u00f6nigstein\" srcset=\"https:\/\/miriamcastleweiss.de\/familie\/wp-content\/uploads\/2022\/03\/Fotograf-Koenigstein-1024x683.jpg 1024w, https:\/\/miriamcastleweiss.de\/familie\/wp-content\/uploads\/2022\/03\/Fotograf-Koenigstein-300x200.jpg 300w, https:\/\/miriamcastleweiss.de\/familie\/wp-content\/uploads\/2022\/03\/Fotograf-Koenigstein-1536x1025.jpg 1536w, https:\/\/miriamcastleweiss.de\/familie\/wp-content\/uploads\/2022\/03\/Fotograf-Koenigstein.jpg 2000w\" sizes=\"(max-width: 800px) 100vw, 800px\" \/>\t\t\t\t\t\t\t\t\t\t\t\t\t\t\t<\/div>\n\t\t\t\t<\/div>\n\t\t\t\t\t<\/div>\n\t\t<\/div>\n\t\t\t\t\t<\/div>\n\t\t<\/section>\n\t\t\t\t<\/div>\n\t\t","protected":false},"excerpt":{"rendered":"<p>Familienfotograf Wiesbaden Kann man Liebe in den H\u00e4nden halten? Ja, das kann man. Davon bin ich u\u0308berzeugt und das ist genau das, was ich mit meinen Familienfotos fu\u0308r euch erreichen mo\u0308chte: lebenslange und starke Erinnerungen an Herzensmenschen. Denn egal, ob ein Familienmitglied geboren wird, ein Angeho\u0308riger weit weg wohnt oder man einen geliebten Menschen loslassen [&hellip;]<\/p>\n","protected":false},"author":1,"featured_media":0,"parent":0,"menu_order":0,"comment_status":"closed","ping_status":"closed","template":"","meta":{"footnotes":""},"class_list":["post-2339","page","type-page","status-publish","hentry"],"yoast_head":"<!-- This site is optimized with the Yoast SEO plugin v27.5 - https:\/\/yoast.com\/product\/yoast-seo-wordpress\/ -->\n<title>Familienfotografie Wiesbaden | \u2713Outdoor \u2713an eurem Lieblingsort<\/title>\n<meta name=\"description\" content=\"Familienfotografie Wiesbaden &amp; Umgebung | Nat\u00fcrliche und authentische Familienfotos in der freien Natur an eurem Lieblingsort.\" \/>\n<meta name=\"robots\" content=\"index, follow, max-snippet:-1, max-image-preview:large, max-video-preview:-1\" \/>\n<link rel=\"canonical\" href=\"https:\/\/miriamcastleweiss.de\/familie\/familienfotografie-wiesbaden\/\" \/>\n<meta property=\"og:locale\" content=\"de_DE\" \/>\n<meta property=\"og:type\" content=\"article\" \/>\n<meta property=\"og:title\" content=\"Familienfotografie Wiesbaden | \u2713Outdoor \u2713an eurem Lieblingsort\" \/>\n<meta property=\"og:description\" content=\"Familienfotografie Wiesbaden &amp; Umgebung | Nat\u00fcrliche und authentische Familienfotos in der freien Natur an eurem Lieblingsort.\" \/>\n<meta property=\"og:url\" content=\"https:\/\/miriamcastleweiss.de\/familie\/familienfotografie-wiesbaden\/\" \/>\n<meta property=\"og:site_name\" content=\"Miriam Castle-Weiss Fotografie\" \/>\n<meta property=\"article:modified_time\" content=\"2023-07-04T18:13:35+00:00\" \/>\n<meta property=\"og:image\" content=\"https:\/\/miriamcastleweiss.de\/familie\/wp-content\/uploads\/2022\/12\/22-09-17-11-00-24c-Bearbeitet-scaled-e1671826865751.jpg\" \/>\n<meta name=\"twitter:card\" content=\"summary_large_image\" \/>\n<meta name=\"twitter:label1\" content=\"Gesch\u00e4tzte Lesezeit\" \/>\n\t<meta name=\"twitter:data1\" content=\"13\u00a0Minuten\" \/>\n<script type=\"application\/ld+json\" class=\"yoast-schema-graph\">{\"@context\":\"https:\\\/\\\/schema.org\",\"@graph\":[{\"@type\":\"WebPage\",\"@id\":\"https:\\\/\\\/miriamcastleweiss.de\\\/familie\\\/familienfotografie-wiesbaden\\\/\",\"url\":\"https:\\\/\\\/miriamcastleweiss.de\\\/familie\\\/familienfotografie-wiesbaden\\\/\",\"name\":\"Familienfotografie Wiesbaden | \u2713Outdoor \u2713an eurem Lieblingsort\",\"isPartOf\":{\"@id\":\"https:\\\/\\\/miriamcastleweiss.de\\\/familie\\\/#website\"},\"primaryImageOfPage\":{\"@id\":\"https:\\\/\\\/miriamcastleweiss.de\\\/familie\\\/familienfotografie-wiesbaden\\\/#primaryimage\"},\"image\":{\"@id\":\"https:\\\/\\\/miriamcastleweiss.de\\\/familie\\\/familienfotografie-wiesbaden\\\/#primaryimage\"},\"thumbnailUrl\":\"https:\\\/\\\/miriamcastleweiss.de\\\/familie\\\/wp-content\\\/uploads\\\/2022\\\/12\\\/22-09-17-11-00-24c-Bearbeitet-scaled-e1671826865751.jpg\",\"datePublished\":\"2022-03-08T21:31:05+00:00\",\"dateModified\":\"2023-07-04T18:13:35+00:00\",\"description\":\"Familienfotografie Wiesbaden & Umgebung | Nat\u00fcrliche und authentische Familienfotos in der freien Natur an eurem Lieblingsort.\",\"breadcrumb\":{\"@id\":\"https:\\\/\\\/miriamcastleweiss.de\\\/familie\\\/familienfotografie-wiesbaden\\\/#breadcrumb\"},\"inLanguage\":\"de\",\"potentialAction\":[{\"@type\":\"ReadAction\",\"target\":[\"https:\\\/\\\/miriamcastleweiss.de\\\/familie\\\/familienfotografie-wiesbaden\\\/\"]}]},{\"@type\":\"ImageObject\",\"inLanguage\":\"de\",\"@id\":\"https:\\\/\\\/miriamcastleweiss.de\\\/familie\\\/familienfotografie-wiesbaden\\\/#primaryimage\",\"url\":\"https:\\\/\\\/miriamcastleweiss.de\\\/familie\\\/wp-content\\\/uploads\\\/2022\\\/12\\\/22-09-17-11-00-24c-Bearbeitet-scaled-e1671826865751.jpg\",\"contentUrl\":\"https:\\\/\\\/miriamcastleweiss.de\\\/familie\\\/wp-content\\\/uploads\\\/2022\\\/12\\\/22-09-17-11-00-24c-Bearbeitet-scaled-e1671826865751.jpg\",\"width\":1800,\"height\":1084},{\"@type\":\"BreadcrumbList\",\"@id\":\"https:\\\/\\\/miriamcastleweiss.de\\\/familie\\\/familienfotografie-wiesbaden\\\/#breadcrumb\",\"itemListElement\":[{\"@type\":\"ListItem\",\"position\":1,\"name\":\"Startseite\",\"item\":\"https:\\\/\\\/miriamcastleweiss.de\\\/familie\\\/\"},{\"@type\":\"ListItem\",\"position\":2,\"name\":\"Familienfotografie-Wiesbaden\"}]},{\"@type\":\"WebSite\",\"@id\":\"https:\\\/\\\/miriamcastleweiss.de\\\/familie\\\/#website\",\"url\":\"https:\\\/\\\/miriamcastleweiss.de\\\/familie\\\/\",\"name\":\"Miriam Castle-Weiss Fotografie\",\"description\":\"Familienfotografie\",\"publisher\":{\"@id\":\"https:\\\/\\\/miriamcastleweiss.de\\\/familie\\\/#\\\/schema\\\/person\\\/1a96c3366ba9e3eeeca680ac057e4e98\"},\"potentialAction\":[{\"@type\":\"SearchAction\",\"target\":{\"@type\":\"EntryPoint\",\"urlTemplate\":\"https:\\\/\\\/miriamcastleweiss.de\\\/familie\\\/?s={search_term_string}\"},\"query-input\":{\"@type\":\"PropertyValueSpecification\",\"valueRequired\":true,\"valueName\":\"search_term_string\"}}],\"inLanguage\":\"de\"},{\"@type\":[\"Person\",\"Organization\"],\"@id\":\"https:\\\/\\\/miriamcastleweiss.de\\\/familie\\\/#\\\/schema\\\/person\\\/1a96c3366ba9e3eeeca680ac057e4e98\",\"name\":\"Miriam Castle-Weiss\",\"image\":{\"@type\":\"ImageObject\",\"inLanguage\":\"de\",\"@id\":\"https:\\\/\\\/miriamcastleweiss.de\\\/familie\\\/wp-content\\\/uploads\\\/2026\\\/02\\\/MCW_Logodesign_RGB_Hochformat-scaled.jpg\",\"url\":\"https:\\\/\\\/miriamcastleweiss.de\\\/familie\\\/wp-content\\\/uploads\\\/2026\\\/02\\\/MCW_Logodesign_RGB_Hochformat-scaled.jpg\",\"contentUrl\":\"https:\\\/\\\/miriamcastleweiss.de\\\/familie\\\/wp-content\\\/uploads\\\/2026\\\/02\\\/MCW_Logodesign_RGB_Hochformat-scaled.jpg\",\"width\":2560,\"height\":1654,\"caption\":\"Miriam Castle-Weiss\"},\"logo\":{\"@id\":\"https:\\\/\\\/miriamcastleweiss.de\\\/familie\\\/wp-content\\\/uploads\\\/2026\\\/02\\\/MCW_Logodesign_RGB_Hochformat-scaled.jpg\"}}]}<\/script>\n<!-- \/ Yoast SEO plugin. -->","yoast_head_json":{"title":"Familienfotografie Wiesbaden | \u2713Outdoor \u2713an eurem Lieblingsort","description":"Familienfotografie Wiesbaden & Umgebung | Nat\u00fcrliche und authentische Familienfotos in der freien Natur an eurem Lieblingsort.","robots":{"index":"index","follow":"follow","max-snippet":"max-snippet:-1","max-image-preview":"max-image-preview:large","max-video-preview":"max-video-preview:-1"},"canonical":"https:\/\/miriamcastleweiss.de\/familie\/familienfotografie-wiesbaden\/","og_locale":"de_DE","og_type":"article","og_title":"Familienfotografie Wiesbaden | \u2713Outdoor \u2713an eurem Lieblingsort","og_description":"Familienfotografie Wiesbaden & Umgebung | Nat\u00fcrliche und authentische Familienfotos in der freien Natur an eurem Lieblingsort.","og_url":"https:\/\/miriamcastleweiss.de\/familie\/familienfotografie-wiesbaden\/","og_site_name":"Miriam Castle-Weiss Fotografie","article_modified_time":"2023-07-04T18:13:35+00:00","og_image":[{"url":"https:\/\/miriamcastleweiss.de\/familie\/wp-content\/uploads\/2022\/12\/22-09-17-11-00-24c-Bearbeitet-scaled-e1671826865751.jpg","type":"","width":"","height":""}],"twitter_card":"summary_large_image","twitter_misc":{"Gesch\u00e4tzte Lesezeit":"13\u00a0Minuten"},"schema":{"@context":"https:\/\/schema.org","@graph":[{"@type":"WebPage","@id":"https:\/\/miriamcastleweiss.de\/familie\/familienfotografie-wiesbaden\/","url":"https:\/\/miriamcastleweiss.de\/familie\/familienfotografie-wiesbaden\/","name":"Familienfotografie Wiesbaden | \u2713Outdoor \u2713an eurem Lieblingsort","isPartOf":{"@id":"https:\/\/miriamcastleweiss.de\/familie\/#website"},"primaryImageOfPage":{"@id":"https:\/\/miriamcastleweiss.de\/familie\/familienfotografie-wiesbaden\/#primaryimage"},"image":{"@id":"https:\/\/miriamcastleweiss.de\/familie\/familienfotografie-wiesbaden\/#primaryimage"},"thumbnailUrl":"https:\/\/miriamcastleweiss.de\/familie\/wp-content\/uploads\/2022\/12\/22-09-17-11-00-24c-Bearbeitet-scaled-e1671826865751.jpg","datePublished":"2022-03-08T21:31:05+00:00","dateModified":"2023-07-04T18:13:35+00:00","description":"Familienfotografie Wiesbaden & Umgebung | Nat\u00fcrliche und authentische Familienfotos in der freien Natur an eurem Lieblingsort.","breadcrumb":{"@id":"https:\/\/miriamcastleweiss.de\/familie\/familienfotografie-wiesbaden\/#breadcrumb"},"inLanguage":"de","potentialAction":[{"@type":"ReadAction","target":["https:\/\/miriamcastleweiss.de\/familie\/familienfotografie-wiesbaden\/"]}]},{"@type":"ImageObject","inLanguage":"de","@id":"https:\/\/miriamcastleweiss.de\/familie\/familienfotografie-wiesbaden\/#primaryimage","url":"https:\/\/miriamcastleweiss.de\/familie\/wp-content\/uploads\/2022\/12\/22-09-17-11-00-24c-Bearbeitet-scaled-e1671826865751.jpg","contentUrl":"https:\/\/miriamcastleweiss.de\/familie\/wp-content\/uploads\/2022\/12\/22-09-17-11-00-24c-Bearbeitet-scaled-e1671826865751.jpg","width":1800,"height":1084},{"@type":"BreadcrumbList","@id":"https:\/\/miriamcastleweiss.de\/familie\/familienfotografie-wiesbaden\/#breadcrumb","itemListElement":[{"@type":"ListItem","position":1,"name":"Startseite","item":"https:\/\/miriamcastleweiss.de\/familie\/"},{"@type":"ListItem","position":2,"name":"Familienfotografie-Wiesbaden"}]},{"@type":"WebSite","@id":"https:\/\/miriamcastleweiss.de\/familie\/#website","url":"https:\/\/miriamcastleweiss.de\/familie\/","name":"Miriam Castle-Weiss Fotografie","description":"Familienfotografie","publisher":{"@id":"https:\/\/miriamcastleweiss.de\/familie\/#\/schema\/person\/1a96c3366ba9e3eeeca680ac057e4e98"},"potentialAction":[{"@type":"SearchAction","target":{"@type":"EntryPoint","urlTemplate":"https:\/\/miriamcastleweiss.de\/familie\/?s={search_term_string}"},"query-input":{"@type":"PropertyValueSpecification","valueRequired":true,"valueName":"search_term_string"}}],"inLanguage":"de"},{"@type":["Person","Organization"],"@id":"https:\/\/miriamcastleweiss.de\/familie\/#\/schema\/person\/1a96c3366ba9e3eeeca680ac057e4e98","name":"Miriam Castle-Weiss","image":{"@type":"ImageObject","inLanguage":"de","@id":"https:\/\/miriamcastleweiss.de\/familie\/wp-content\/uploads\/2026\/02\/MCW_Logodesign_RGB_Hochformat-scaled.jpg","url":"https:\/\/miriamcastleweiss.de\/familie\/wp-content\/uploads\/2026\/02\/MCW_Logodesign_RGB_Hochformat-scaled.jpg","contentUrl":"https:\/\/miriamcastleweiss.de\/familie\/wp-content\/uploads\/2026\/02\/MCW_Logodesign_RGB_Hochformat-scaled.jpg","width":2560,"height":1654,"caption":"Miriam Castle-Weiss"},"logo":{"@id":"https:\/\/miriamcastleweiss.de\/familie\/wp-content\/uploads\/2026\/02\/MCW_Logodesign_RGB_Hochformat-scaled.jpg"}}]}},"_links":{"self":[{"href":"https:\/\/miriamcastleweiss.de\/familie\/wp-json\/wp\/v2\/pages\/2339","targetHints":{"allow":["GET"]}}],"collection":[{"href":"https:\/\/miriamcastleweiss.de\/familie\/wp-json\/wp\/v2\/pages"}],"about":[{"href":"https:\/\/miriamcastleweiss.de\/familie\/wp-json\/wp\/v2\/types\/page"}],"author":[{"embeddable":true,"href":"https:\/\/miriamcastleweiss.de\/familie\/wp-json\/wp\/v2\/users\/1"}],"replies":[{"embeddable":true,"href":"https:\/\/miriamcastleweiss.de\/familie\/wp-json\/wp\/v2\/comments?post=2339"}],"version-history":[{"count":252,"href":"https:\/\/miriamcastleweiss.de\/familie\/wp-json\/wp\/v2\/pages\/2339\/revisions"}],"predecessor-version":[{"id":3619,"href":"https:\/\/miriamcastleweiss.de\/familie\/wp-json\/wp\/v2\/pages\/2339\/revisions\/3619"}],"wp:attachment":[{"href":"https:\/\/miriamcastleweiss.de\/familie\/wp-json\/wp\/v2\/media?parent=2339"}],"curies":[{"name":"wp","href":"https:\/\/api.w.org\/{rel}","templated":true}]}}